{"id":15,"date":"2022-02-23T15:23:52","date_gmt":"2022-02-23T20:23:52","guid":{"rendered":"https:\/\/dev.factrie701.com\/?page_id=15"},"modified":"2022-03-10T17:02:52","modified_gmt":"2022-03-10T22:02:52","slug":"historique","status":"publish","type":"page","link":"https:\/\/dev.factrie701.com\/historique\/","title":{"rendered":"Historique"},"content":{"rendered":"<h3>Historique<\/h3>\n<div>\n<p>        <img decoding=\"async\" src=\"\/wp-content\/uploads\/2022\/03\/photo-1935.jpg\" alt=\"\u00ab Shop \u00e0 chemises \u00bb\"><\/p>\n<h2>Shop \u00e0 chemises 1925<\/h2>\n<p><a href=\"\/wp-content\/uploads\/2022\/03\/photo-1935.jpg\"><\/a><\/p>\n<\/div>\n<h3>Un peu d\u2019histoire<\/h3>\n<div>\n<p><span style=\"font-family: opensans, arial, non-serif; font-size: 0.9em;\">C\u2019<\/span>est au deuxi\u00e8me \u00e9tage de ce qui fut pendant tant d\u2019ann\u00e9es, \u00e0 Grand-M\u00e8re, la \u00ab\u202fShop \u00e0 chemises\u202f\u00bb, que Danielle Julien a ouvert son atelier de peinture. Durant 6 ans elle a travaill\u00e9 seule dans cet espace qu\u2019elle a ouvert graduellement aux gens passionn\u00e9s du dessin et converti cette ancienne manufacture 1925 en atelier d\u2019arts visuels. C\u2019est en nous inspirant de la chanson de Cl\u00e9mence Desrochers, \u00ab Ma vie d\u2019factrie \u00bb, que cet espace, d\u00e9di\u00e9 principalement \u00e0 la pratique du dessin, a \u00e9t\u00e9 renomm\u00e9 \u00ab De la factrie au dessin \u00bb. Par la suite en 2022 nous avons cr\u00e9\u00e9 un OBNL au nom de Factrie 701 afin de mieux structurer nos activit\u00e9s et assurer une certaine p\u00e9rennit\u00e9 \u00e0 l\u2019organisme. Tout comme l\u2019imposante manufacture qui a favoris\u00e9 la prosp\u00e9rit\u00e9 de Grand-M\u00e8re jusque dans les ann\u00e9es soixante, l\u2019atelier Factrie 701 contribue \u00e0 sa fa\u00e7on \u00e0 la promotion de l\u2019art et exerce un effet d\u2019entrainement sur la vie culturelle de notre milieu.<\/p>\n<\/div>\n<h3>Photo du comit\u00e9<\/h3>\n<p><a href=\"\/wp-content\/uploads\/2022\/03\/photo-1935.jpg\"><img decoding=\"async\" src=\"\/wp-content\/uploads\/2022\/03\/Conseil-administration_2022.jpg\" alt=\"\u00ab Shop \u00e0 chemises \u00bb\"><\/a><\/p>\n<div>\n<p>\u00ab S\u2019il y a une le\u00e7on \u00e0 retenir de ceux qui se sont int\u00e9ress\u00e9s \u00e0 la po\u00e9sie de l\u2019espace, c\u2019est bien que les \u00eatre font les lieux et qu&#8217;\u00e0 leur tour, les lieux fa\u00e7onnent les \u00eatres. \u00bb \u2014 Sylvie Gendron\u00a0\u00a0<\/p>\n<\/div>\n<h3>Mot de la pr\u00e9sidente et de la vice-pr\u00e9sidente<\/h3>\n<p><a href=\"\/wp-content\/uploads\/2022\/03\/photo-1935.jpg\"><img decoding=\"async\" src=\"\/wp-content\/uploads\/2022\/03\/Gallia-Danielle-v2.jpg\" alt=\"Gallia et Danielle Julien\"><\/a><\/p>\n<div>\n<p>Au fil des ann\u00e9es, parall\u00e8lement \u00e0 une carri\u00e8re artistique en arts visuels et en enseignement, j\u2019ai fond\u00e9 la Factrie, un lieu, un espace o\u00f9 la cr\u00e9ation est au c\u0153ur de notre environnement.\u00a0<\/p>\n<p>J\u2019ai toujours senti qu\u2019une force solidaire, anim\u00e9e par le partage de savoir-faire et de connaissances, peut g\u00e9n\u00e9rer un sentiment d\u2019appartenance \u00e0 notre milieu et nous faire \u00e9voluer.\u00a0Il m\u2019importe de favoriser un lieu souple qui s\u2019adapte aux besoins et au contexte fragile dans lequel nous vivons.\u00a0<\/p>\n<p>La n\u00e9cessit\u00e9 de pr\u00e9server une porte ouverte aux vibrations artistiques se fait sentir plus que jamais, car cela \u00e9veille, nourrit et apaise l\u00e0 o\u00f9 les mots sont en dormance.\u00a0<\/p>\n<p><strong>Danielle Julien<\/strong>, <em>Pr\u00e9sidente\u00a0<\/em><\/p>\n<\/div>\n<hr>\n<div>\n<p>En tant qu&#8217;\u00e9tudiante en arts, j&#8217;ai l&#8217;immense privil\u00e8ge de non seulement assurer une participation \u00e0 la rel\u00e8ve et \u00e0 la p\u00e9rennit\u00e9, mais aussi de me porter garante de l\u2019\u00e2me passionn\u00e9e qui se retrouve au c\u0153ur de la Factrie.<\/p>\n<p>C\u2019est \u00e0 mon tour de contribuer \u00e0 faciliter cette ouverture sur le monde des arts et de promouvoir la culture \u00e0 travers ce lieu de partage. \u00a0<\/p>\n<p><strong>Gallia Julien-Myrand,<\/strong> Vice-Pr\u00e9sidente<\/p>\n<\/p>\n<\/div>\n<ul>\n<li><a href=\"#\">social<\/a>\n<\/li>\n<li><a href=\"#\">social<\/a>\n<\/li>\n<li><a href=\"#\">social<\/a>\n<\/li>\n<li><a href=\"#\">social<\/a>\n<\/li>\n<li><a href=\"#\">social<\/a>\n<\/li>\n<\/ul>\n<p><!--more--><br \/>\n<!-- {\"type\":\"layout\",\"children\":[{\"type\":\"section\",\"props\":{\"style\":\"default\",\"width\":\"small\",\"vertical_align\":\"middle\",\"title_position\":\"top-left\",\"title_rotation\":\"left\",\"title_breakpoint\":\"xl\",\"image_position\":\"center-center\",\"padding_remove_bottom\":true,\"padding\":\"xsmall\",\"overlap\":false},\"children\":[{\"type\":\"row\",\"children\":[{\"type\":\"column\",\"props\":{\"position_sticky_breakpoint\":\"m\",\"image_position\":\"center-center\",\"media_overlay_gradient\":\"\",\"width_medium\":\"1-2\"},\"children\":[{\"type\":\"headline\",\"props\":{\"title_element\":\"h3\",\"content\":\"Historique\",\"title_font_family\":\"tertiary\",\"title_decoration\":\"divider\",\"title_color\":\"emphasis\"}}]},{\"type\":\"column\",\"props\":{\"position_sticky_breakpoint\":\"m\",\"image_position\":\"center-center\",\"media_overlay_gradient\":\"\",\"width_medium\":\"1-2\"},\"children\":[]}],\"props\":{\"layout\":\"1-2,1-2\"}}],\"name\":\"Ent\\u00eate\"},{\"type\":\"section\",\"props\":{\"style\":\"default\",\"width\":\"xsmall\",\"vertical_align\":\"middle\",\"title_position\":\"top-left\",\"title_rotation\":\"left\",\"title_breakpoint\":\"xl\",\"image_position\":\"center-center\",\"padding\":\"xsmall\",\"padding_remove_top\":true},\"children\":[{\"type\":\"row\",\"children\":[{\"type\":\"column\",\"props\":{\"position_sticky_breakpoint\":\"m\",\"image_position\":\"center-center\",\"media_overlay_gradient\":\"\"},\"children\":[{\"type\":\"overlay\",\"props\":{\"link_text\":\"\",\"overlay_mode\":\"cover\",\"overlay_hover\":true,\"overlay_style\":\"\",\"text_color\":\"light\",\"overlay_position\":\"center\",\"overlay_transition\":\"fade\",\"title_hover_style\":\"reset\",\"title_element\":\"h2\",\"meta_style\":\"meta\",\"meta_align\":\"below-title\",\"meta_element\":\"div\",\"link_style\":\"default\",\"text_align\":\"center\",\"margin\":\"default\",\"image\":\"wp-content\\\/uploads\\\/2022\\\/03\\\/photo-1935.jpg\",\"overlay_padding\":\"none\",\"image_alt\":\"\\u00ab Shop \\u00e0 chemises \\u00bb\",\"title\":\"Shop \\u00e0 chemises 1925\",\"link\":\"wp-content\\\/uploads\\\/2022\\\/03\\\/photo-1935.jpg\",\"title_link\":false,\"overlay_transition_background\":false,\"title_font_family\":\"secondary\",\"link_target\":true}},{\"type\":\"headline\",\"props\":{\"title_element\":\"h3\",\"title_font_family\":\"tertiary\",\"content\":\"Un peu d\\u2019histoire\",\"margin_remove_top\":false,\"margin\":\"remove-vertical\",\"maxwidth\":\"medium\",\"title_color\":\"muted\"}},{\"type\":\"text\",\"props\":{\"margin\":\"default\",\"column_breakpoint\":\"m\",\"content\":\"\n\n<p><span style=\\\"font-family: opensans, arial, non-serif; font-size: 0.9em;\\\">C\\u2019<\\\/span>est au deuxi\\u00e8me \\u00e9tage de ce qui fut pendant tant d\\u2019ann\\u00e9es, \\u00e0 Grand-M\\u00e8re, la \\u00ab\\u202fShop \\u00e0 chemises\\u202f\\u00bb, que Danielle Julien a ouvert son atelier de peinture. Durant 6 ans elle a travaill\\u00e9 seule dans cet espace qu\\u2019elle a ouvert graduellement aux gens passionn\\u00e9s du dessin et converti cette ancienne manufacture 1925 en atelier d\\u2019arts visuels. C\\u2019est en nous inspirant de la chanson de Cl\\u00e9mence Desrochers, \\u00ab Ma vie d\\u2019factrie \\u00bb, que cet espace, d\\u00e9di\\u00e9 principalement \\u00e0 la pratique du dessin, a \\u00e9t\\u00e9 renomm\\u00e9 \\u00ab De la factrie au dessin \\u00bb. Par la suite en 2022 nous avons cr\\u00e9\\u00e9 un OBNL au nom de Factrie 701 afin de mieux structurer nos activit\\u00e9s et assurer une certaine p\\u00e9rennit\\u00e9 \\u00e0 l\\u2019organisme. Tout comme l\\u2019imposante manufacture qui a favoris\\u00e9 la prosp\\u00e9rit\\u00e9 de Grand-M\\u00e8re jusque dans les ann\\u00e9es soixante, l\\u2019atelier Factrie 701 contribue \\u00e0 sa fa\\u00e7on \\u00e0 la promotion de l\\u2019art et exerce un effet d\\u2019entrainement sur la vie culturelle de notre milieu.<\\\/p>\",\"dropcap\":true}}]}]}],\"name\":\"Un peu d'histoire\"},{\"type\":\"section\",\"props\":{\"style\":\"muted\",\"width\":\"xsmall\",\"vertical_align\":\"middle\",\"title_position\":\"top-left\",\"title_rotation\":\"left\",\"title_breakpoint\":\"xl\",\"image_position\":\"center-center\",\"padding\":\"xsmall\",\"padding_remove_top\":false},\"children\":[{\"type\":\"row\",\"children\":[{\"type\":\"column\",\"props\":{\"position_sticky_breakpoint\":\"m\",\"image_position\":\"center-center\",\"media_overlay_gradient\":\"\"},\"children\":[{\"type\":\"headline\",\"props\":{\"title_element\":\"h3\",\"title_font_family\":\"tertiary\",\"content\":\"Photo du comit\\u00e9\",\"title_decoration\":\"divider\"}},{\"type\":\"image\",\"props\":{\"margin\":\"default\",\"image_svg_color\":\"emphasis\",\"image\":\"wp-content\\\/uploads\\\/2022\\\/03\\\/Conseil-administration_2022.jpg\",\"link\":\"wp-content\\\/uploads\\\/2022\\\/03\\\/photo-1935.jpg\",\"image_alt\":\"\\u00ab Shop \\u00e0 chemises \\u00bb\",\"margin_remove_bottom\":true,\"link_target\":\"blank\",\"image_width\":\"57%\"}},{\"type\":\"text\",\"props\":{\"margin\":\"default\",\"column_breakpoint\":\"m\",\"content\":\"\n\n<p>\\u00ab S\\u2019il y a une le\\u00e7on \\u00e0 retenir de ceux qui se sont int\\u00e9ress\\u00e9s \\u00e0 la po\\u00e9sie de l\\u2019espace, c\\u2019est bien que les \\u00eatre font les lieux et qu'\\u00e0 leur tour, les lieux fa\\u00e7onnent les \\u00eatres. \\u00bb \\u2014 Sylvie Gendron\\u00a0\\u00a0<\\\/p>\"}}]}]}],\"name\":\"Comit\\u00e9 2022\"},{\"type\":\"section\",\"props\":{\"style\":\"default\",\"width\":\"xsmall\",\"vertical_align\":\"middle\",\"title_position\":\"top-left\",\"title_rotation\":\"left\",\"title_breakpoint\":\"xl\",\"image_position\":\"center-center\",\"padding\":\"xsmall\",\"padding_remove_top\":false,\"padding_remove_bottom\":true},\"children\":[{\"type\":\"row\",\"children\":[{\"type\":\"column\",\"props\":{\"position_sticky_breakpoint\":\"m\",\"image_position\":\"center-center\",\"media_overlay_gradient\":\"\"},\"children\":[{\"type\":\"headline\",\"props\":{\"title_element\":\"h3\",\"title_font_family\":\"tertiary\",\"content\":\"Mot de la pr\\u00e9sidente et de la vice-pr\\u00e9sidente\",\"title_color\":\"muted\",\"title_decoration\":\"divider\"}},{\"type\":\"image\",\"props\":{\"margin\":\"default\",\"image_svg_color\":\"emphasis\",\"image\":\"wp-content\\\/uploads\\\/2022\\\/03\\\/Gallia-Danielle-v2.jpg\",\"link\":\"wp-content\\\/uploads\\\/2022\\\/03\\\/photo-1935.jpg\",\"image_alt\":\"Gallia et Danielle Julien\",\"margin_remove_bottom\":true,\"link_target\":\"blank\",\"image_width\":\"47%\"}},{\"type\":\"text\",\"props\":{\"margin\":\"default\",\"column_breakpoint\":\"m\",\"content\":\"\n\n<p>Au fil des ann\\u00e9es, parall\\u00e8lement \\u00e0 une carri\\u00e8re artistique en arts visuels et en enseignement, j\\u2019ai fond\\u00e9 la Factrie, un lieu, un espace o\\u00f9 la cr\\u00e9ation est au c\\u0153ur de notre environnement.\\u00a0<\\\/p>\\n\n\n<p>J\\u2019ai toujours senti qu\\u2019une force solidaire, anim\\u00e9e par le partage de savoir-faire et de connaissances, peut g\\u00e9n\\u00e9rer un sentiment d\\u2019appartenance \\u00e0 notre milieu et nous faire \\u00e9voluer.\\u00a0Il m\\u2019importe de favoriser un lieu souple qui s\\u2019adapte aux besoins et au contexte fragile dans lequel nous vivons.\\u00a0<\\\/p>\\n\n\n<p>La n\\u00e9cessit\\u00e9 de pr\\u00e9server une porte ouverte aux vibrations artistiques se fait sentir plus que jamais, car cela \\u00e9veille, nourrit et apaise l\\u00e0 o\\u00f9 les mots sont en dormance.\\u00a0<\\\/p>\\n\n\n<p><strong>Danielle Julien<\\\/strong>, <em>Pr\\u00e9sidente\\u00a0<\\\/em><\\\/p>\",\"margin_remove_bottom\":true}},{\"type\":\"divider\",\"props\":{\"divider_element\":\"hr\",\"divider_style\":\"icon\",\"margin\":\"small\",\"margin_remove_top\":false,\"margin_remove_bottom\":false}},{\"type\":\"text\",\"props\":{\"margin\":\"medium\",\"column_breakpoint\":\"m\",\"content\":\"\n\n<p>En tant qu'\\u00e9tudiante en arts, j'ai l'immense privil\\u00e8ge de non seulement assurer une participation \\u00e0 la rel\\u00e8ve et \\u00e0 la p\\u00e9rennit\\u00e9, mais aussi de me porter garante de l\\u2019\\u00e2me passionn\\u00e9e qui se retrouve au c\\u0153ur de la Factrie.<\\\/p>\\n\n\n<p>C\\u2019est \\u00e0 mon tour de contribuer \\u00e0 faciliter cette ouverture sur le monde des arts et de promouvoir la culture \\u00e0 travers ce lieu de partage. \\u00a0<\\\/p>\\n\n\n<p><strong>Gallia Julien-Myrand,<\\\/strong> Vice-Pr\\u00e9sidente<\\\/p>\\n\n\n<p><\\\/p>\",\"margin_remove_top\":true}},{\"type\":\"yooessentials_social_sharing\",\"props\":{\"link_style\":\"button\",\"gap\":\"small\",\"margin\":\"default\"},\"children\":[{\"type\":\"yooessentials_social_sharing_item\",\"props\":{\"link\":\"facebook\",\"link_target\":\"_blank\",\"link_target_width\":\"\",\"link_target_height\":\"\"}},{\"type\":\"yooessentials_social_sharing_item\",\"props\":{\"link\":\"twitter\",\"link_target\":\"_blank\",\"link_target_width\":\"\",\"link_target_height\":\"\"}},{\"type\":\"yooessentials_social_sharing_item\",\"props\":{\"link\":\"linkedin\",\"link_target\":\"_blank\",\"link_target_width\":\"\",\"link_target_height\":\"\"}},{\"type\":\"yooessentials_social_sharing_item\",\"props\":{\"link\":\"custom\",\"title\":\"Email\",\"icon\":\"mail\",\"attributes\":\"onclick=\\\"window.location = 'mailto:?subject=' + document.title + '&body=' + window.location.href; return false;\\\"\",\"custom_link\":\"%s\",\"link_target\":\"_blank\",\"link_target_width\":\"\",\"link_target_height\":\"\"}},{\"type\":\"yooessentials_social_sharing_item\",\"props\":{\"link\":\"custom\",\"title\":\"Imprimer\",\"icon\":\"print\",\"attributes\":\"onclick=\\\"window.print();\\\"\",\"custom_link\":\"\",\"link_target\":\"_blank\",\"link_target_width\":\"\",\"link_target_height\":\"\"}}],\"name\":\"Partage social - 2022\"}]}]}],\"name\":\"Mot de la pr\\u00e9sidente et de la vice-pr\\u00e9sidente\"}],\"version\":\"2.7.20\",\"yooessentialsVersion\":\"1.5.15\"} --><\/p>\n","protected":false},"excerpt":{"rendered":"<p>Historique Shop \u00e0 chemises 1925 Un peu d\u2019histoire C\u2019est au deuxi\u00e8me \u00e9tage de ce qui fut pendant tant d\u2019ann\u00e9es, \u00e0 Grand-M\u00e8re, la \u00ab\u202fShop \u00e0 chemises\u202f\u00bb, que Danielle Julien a ouvert son atelier de peinture. Durant 6 ans elle a travaill\u00e9 seule dans cet espace qu\u2019elle a ouvert graduellement aux gens passionn\u00e9s du dessin et converti [&hellip;]<\/p>\n","protected":false},"author":1,"featured_media":0,"parent":0,"menu_order":0,"comment_status":"closed","ping_status":"closed","template":"","meta":{"footnotes":""},"class_list":["post-15","page","type-page","status-publish","hentry"],"yoast_head":"<!-- This site is optimized with the Yoast SEO plugin v18.3 - https:\/\/yoast.com\/wordpress\/plugins\/seo\/ -->\n<title>Historique<\/title>\n<meta name=\"description\" content=\"Historique Shop \u00e0 chemises 1925 Un peu d\u2019histoire C\u2019est au deuxi\u00e8me \u00e9tage de ce qui fut pendant tant d\u2019ann\u00e9es, \u00e0 Grand-M\u00e8re, la \u00ab\u202fShop \u00e0 chemises\u202f\u00bb, que Danielle Julien a ouvert son atelier de peinture. Durant 6 ans elle a travaill\u00e9 seule dans cet espace qu\u2019elle a ouvert graduellement aux gens passionn\u00e9s du dessin et converti&hellip;\" \/>\n<meta name=\"robots\" content=\"noindex, follow, max-snippet:-1, max-image-preview:large, max-video-preview:-1\" \/>\n<meta property=\"og:locale\" content=\"en_US\" \/>\n<meta property=\"og:type\" content=\"article\" \/>\n<meta property=\"og:title\" content=\"Historique\" \/>\n<meta property=\"og:description\" content=\"Historique Shop \u00e0 chemises 1925 Un peu d\u2019histoire C\u2019est au deuxi\u00e8me \u00e9tage de ce qui fut pendant tant d\u2019ann\u00e9es, \u00e0 Grand-M\u00e8re, la \u00ab\u202fShop \u00e0 chemises\u202f\u00bb, que Danielle Julien a ouvert son atelier de peinture. Durant 6 ans elle a travaill\u00e9 seule dans cet espace qu\u2019elle a ouvert graduellement aux gens passionn\u00e9s du dessin et converti&hellip;\" \/>\n<meta property=\"og:url\" content=\"https:\/\/dev.factrie701.com\/historique\/\" \/>\n<meta property=\"og:site_name\" content=\"Factrie 701\" \/>\n<meta property=\"article:modified_time\" content=\"2022-03-10T22:02:52+00:00\" \/>\n<meta property=\"og:image\" content=\"https:\/\/dev.factrie701.com\/wp-content\/uploads\/2022\/03\/photo-1935.jpg\" \/>\n<meta name=\"twitter:card\" content=\"summary_large_image\" \/>\n<meta name=\"twitter:label1\" content=\"Est. reading time\" \/>\n\t<meta name=\"twitter:data1\" content=\"2 minutes\" \/>\n<script type=\"application\/ld+json\" class=\"yoast-schema-graph\">{\"@context\":\"https:\/\/schema.org\",\"@graph\":[{\"@type\":\"WebSite\",\"@id\":\"https:\/\/dev.factrie701.com\/#website\",\"url\":\"https:\/\/dev.factrie701.com\/\",\"name\":\"Factrie 701\",\"description\":\"Atelier et galerie d&#039;art\",\"potentialAction\":[{\"@type\":\"SearchAction\",\"target\":{\"@type\":\"EntryPoint\",\"urlTemplate\":\"https:\/\/dev.factrie701.com\/?s={search_term_string}\"},\"query-input\":\"required name=search_term_string\"}],\"inLanguage\":\"en-US\"},{\"@type\":\"ImageObject\",\"@id\":\"https:\/\/dev.factrie701.com\/historique\/#primaryimage\",\"inLanguage\":\"en-US\",\"url\":\"\/wp-content\/uploads\/2022\/03\/photo-1935.jpg\",\"contentUrl\":\"\/wp-content\/uploads\/2022\/03\/photo-1935.jpg\"},{\"@type\":\"WebPage\",\"@id\":\"https:\/\/dev.factrie701.com\/historique\/#webpage\",\"url\":\"https:\/\/dev.factrie701.com\/historique\/\",\"name\":\"Historique - Factrie 701\",\"isPartOf\":{\"@id\":\"https:\/\/dev.factrie701.com\/#website\"},\"primaryImageOfPage\":{\"@id\":\"https:\/\/dev.factrie701.com\/historique\/#primaryimage\"},\"datePublished\":\"2022-02-23T20:23:52+00:00\",\"dateModified\":\"2022-03-10T22:02:52+00:00\",\"breadcrumb\":{\"@id\":\"https:\/\/dev.factrie701.com\/historique\/#breadcrumb\"},\"inLanguage\":\"en-US\",\"potentialAction\":[{\"@type\":\"ReadAction\",\"target\":[\"https:\/\/dev.factrie701.com\/historique\/\"]}]},{\"@type\":\"BreadcrumbList\",\"@id\":\"https:\/\/dev.factrie701.com\/historique\/#breadcrumb\",\"itemListElement\":[{\"@type\":\"ListItem\",\"position\":1,\"name\":\"Accueil\",\"item\":\"https:\/\/dev.factrie701.com\/\"},{\"@type\":\"ListItem\",\"position\":2,\"name\":\"Historique\"}]}]}<\/script>\n<!-- \/ Yoast SEO plugin. -->","yoast_head_json":{"title":"Historique","description":"Historique Shop \u00e0 chemises 1925 Un peu d\u2019histoire C\u2019est au deuxi\u00e8me \u00e9tage de ce qui fut pendant tant d\u2019ann\u00e9es, \u00e0 Grand-M\u00e8re, la \u00ab\u202fShop \u00e0 chemises\u202f\u00bb, que Danielle Julien a ouvert son atelier de peinture. Durant 6 ans elle a travaill\u00e9 seule dans cet espace qu\u2019elle a ouvert graduellement aux gens passionn\u00e9s du dessin et converti&hellip;","robots":{"index":"noindex","follow":"follow","max-snippet":"max-snippet:-1","max-image-preview":"max-image-preview:large","max-video-preview":"max-video-preview:-1"},"og_locale":"en_US","og_type":"article","og_title":"Historique","og_description":"Historique Shop \u00e0 chemises 1925 Un peu d\u2019histoire C\u2019est au deuxi\u00e8me \u00e9tage de ce qui fut pendant tant d\u2019ann\u00e9es, \u00e0 Grand-M\u00e8re, la \u00ab\u202fShop \u00e0 chemises\u202f\u00bb, que Danielle Julien a ouvert son atelier de peinture. Durant 6 ans elle a travaill\u00e9 seule dans cet espace qu\u2019elle a ouvert graduellement aux gens passionn\u00e9s du dessin et converti&hellip;","og_url":"https:\/\/dev.factrie701.com\/historique\/","og_site_name":"Factrie 701","article_modified_time":"2022-03-10T22:02:52+00:00","og_image":[{"url":"https:\/\/dev.factrie701.com\/wp-content\/uploads\/2022\/03\/photo-1935.jpg"}],"twitter_card":"summary_large_image","twitter_misc":{"Est. reading time":"2 minutes"},"schema":{"@context":"https:\/\/schema.org","@graph":[{"@type":"WebSite","@id":"https:\/\/dev.factrie701.com\/#website","url":"https:\/\/dev.factrie701.com\/","name":"Factrie 701","description":"Atelier et galerie d&#039;art","potentialAction":[{"@type":"SearchAction","target":{"@type":"EntryPoint","urlTemplate":"https:\/\/dev.factrie701.com\/?s={search_term_string}"},"query-input":"required name=search_term_string"}],"inLanguage":"en-US"},{"@type":"ImageObject","@id":"https:\/\/dev.factrie701.com\/historique\/#primaryimage","inLanguage":"en-US","url":"\/wp-content\/uploads\/2022\/03\/photo-1935.jpg","contentUrl":"\/wp-content\/uploads\/2022\/03\/photo-1935.jpg"},{"@type":"WebPage","@id":"https:\/\/dev.factrie701.com\/historique\/#webpage","url":"https:\/\/dev.factrie701.com\/historique\/","name":"Historique - Factrie 701","isPartOf":{"@id":"https:\/\/dev.factrie701.com\/#website"},"primaryImageOfPage":{"@id":"https:\/\/dev.factrie701.com\/historique\/#primaryimage"},"datePublished":"2022-02-23T20:23:52+00:00","dateModified":"2022-03-10T22:02:52+00:00","breadcrumb":{"@id":"https:\/\/dev.factrie701.com\/historique\/#breadcrumb"},"inLanguage":"en-US","potentialAction":[{"@type":"ReadAction","target":["https:\/\/dev.factrie701.com\/historique\/"]}]},{"@type":"BreadcrumbList","@id":"https:\/\/dev.factrie701.com\/historique\/#breadcrumb","itemListElement":[{"@type":"ListItem","position":1,"name":"Accueil","item":"https:\/\/dev.factrie701.com\/"},{"@type":"ListItem","position":2,"name":"Historique"}]}]}},"_links":{"self":[{"href":"https:\/\/dev.factrie701.com\/wp-json\/wp\/v2\/pages\/15","targetHints":{"allow":["GET"]}}],"collection":[{"href":"https:\/\/dev.factrie701.com\/wp-json\/wp\/v2\/pages"}],"about":[{"href":"https:\/\/dev.factrie701.com\/wp-json\/wp\/v2\/types\/page"}],"author":[{"embeddable":true,"href":"https:\/\/dev.factrie701.com\/wp-json\/wp\/v2\/users\/1"}],"replies":[{"embeddable":true,"href":"https:\/\/dev.factrie701.com\/wp-json\/wp\/v2\/comments?post=15"}],"version-history":[{"count":83,"href":"https:\/\/dev.factrie701.com\/wp-json\/wp\/v2\/pages\/15\/revisions"}],"predecessor-version":[{"id":807,"href":"https:\/\/dev.factrie701.com\/wp-json\/wp\/v2\/pages\/15\/revisions\/807"}],"wp:attachment":[{"href":"https:\/\/dev.factrie701.com\/wp-json\/wp\/v2\/media?parent=15"}],"curies":[{"name":"wp","href":"https:\/\/api.w.org\/{rel}","templated":true}]}}