{"id":17,"date":"2022-02-23T15:24:43","date_gmt":"2022-02-23T20:24:43","guid":{"rendered":"https:\/\/dev.factrie701.com\/?page_id=17"},"modified":"2022-03-21T08:28:58","modified_gmt":"2022-03-21T12:28:58","slug":"programmation","status":"publish","type":"page","link":"https:\/\/dev.factrie701.com\/programmation\/","title":{"rendered":"Programmation"},"content":{"rendered":"<h3>Programmation<\/h3>\n<h4>Mercredi 13 avril <\/p>\n<\/h4>\n<div>\n<p>        <img decoding=\"async\" src=\"\/wp-content\/uploads\/2022\/03\/Projecteur-Films01.jpg\" alt=\"Vignette exposition photographe Jean-Jacques Ringuette\"><\/p>\n<p><a href=\"\/photographe-jean-jacques-ringuette\/\">EN SAVOIR +<\/a><\/p>\n<\/div>\n<h4>Projection Cin\u00e9-Factrie<\/h4>\n<h4>Derouin: M\u00e9tis des Am\u00e9riques<\/h4>\n<div>\n<p>Oiseau rare, l&#8217;artiste Ren\u00e9 Derouin survole son univers qui relie le Qu\u00e9bec au Mexique. Il y pose un regard nuanc\u00e9, empreint de distance.<\/p>\n<\/div>\n<p>\n    <a href=\"\/photographe-jean-jacques-ringuette\/\">Pour en savoir plus<\/a>\n<\/p>\n<h4>Dimanche 15 mai <\/p>\n<\/h4>\n<div>\n<p>        <img decoding=\"async\" src=\"\/wp-content\/uploads\/2022\/03\/Guy-Langevin.png\" alt=\"Vignette exposition photographe Jean-Jacques Ringuette\"><\/p>\n<p><a href=\"\/photographe-jean-jacques-ringuette\/\">EN SAVOIR +<\/a><\/p>\n<\/div>\n<h4>Conf\u00e9rence caf\u00e9-brioche<\/h4>\n<h4>Guy Langevin, ma\u00eetre graveur.<br \/>La mani\u00e8re noire.<\/h4>\n<p>\n    <a href=\"\/photographe-jean-jacques-ringuette\/\">Pour en savoir plus<\/a>\n<\/p>\n<h4>Vendredi 3 juin<\/p>\n<\/h4>\n<p><img decoding=\"async\" src=\"\/wp-content\/uploads\/2022\/03\/langue_fourchue_traiteur-5a7-drummondville-1440x900-1.jpg\" alt=\"\"><\/p>\n<h4>5 \u00e0 7 culturel<\/h4>\n<div>\n<p>Soir\u00e9e VIP<\/p>\n<p>Membre de soutien et r\u00e9sidents<\/p>\n<\/div>\n<h4>1er et 2 octobre<\/p>\n<\/h4>\n<div>\n<p>        <img decoding=\"async\" src=\"\/wp-content\/uploads\/2022\/03\/243517374_10222902144975096_8859374464730497497_n.jpg\" alt=\"journ\u00e9es de la culture\"><\/p>\n<p><a href=\"\/photographe-jean-jacques-ringuette\/\">EN SAVOIR +<\/a><\/p>\n<\/div>\n<h4>Journ\u00e9es de la Culture<\/h4>\n<div>\n<p>Exposition de photo, de peinture et journ\u00e9e portes ouvertes.<\/p>\n<\/div>\n<h4>Vendredi <br \/>11 novembre 2022<\/p>\n<\/h4>\n<div>\n<p>        <img decoding=\"async\" src=\"\/wp-content\/uploads\/2022\/03\/Ringuette_2021.jpg\" alt=\"Vignette exposition photographe Jean-Jacques Ringuette\"><\/p>\n<p><a href=\"\/photographe-jean-jacques-ringuette\/\">EN SAVOIR +<\/a><\/p>\n<\/div>\n<h4>Exposition<\/h4>\n<h4>Photographe Jean-Jacques Ringuette<\/h4>\n<div>\n<p>Vernissage 11 novembre<br \/>Conf\u00e9rence : dimanche le 20 nov. de 11 h \u00e0 13 h<\/p>\n<\/div>\n<p>\n    <a href=\"\/photographe-jean-jacques-ringuette\/\">Pour en savoir plus<\/a>\n<\/p>\n<h4>Vendredi <br \/>9 d\u00e9cembre 2022<\/p>\n<\/h4>\n<div>\n<p>        <img decoding=\"async\" src=\"\/wp-content\/uploads\/2022\/03\/montage-petits-formats.jpg\" alt=\"journ\u00e9es de la culture\"><\/p>\n<p><a href=\"\/photographe-jean-jacques-ringuette\/\">EN SAVOIR +<\/a><\/p>\n<\/div>\n<h4>Soir\u00e9e petits formats<\/h4>\n<div>\n<p>Ouvert \u00e0 tous<\/p>\n<\/div>\n<h4>\n<p>\u00c0 d\u00e9terminer<\/p>\n<\/h4>\n<h4>5 \u00e0 7 culturels<\/h4>\n<div>\n<p>Ouvert \u00e0 tous<\/p>\n<\/div>\n<ul>\n<li><a href=\"#\">social<\/a>\n<\/li>\n<li><a href=\"#\">social<\/a>\n<\/li>\n<li><a href=\"#\">social<\/a>\n<\/li>\n<li><a href=\"#\">social<\/a>\n<\/li>\n<li><a href=\"#\">social<\/a>\n<\/li>\n<\/ul>\n<p><!--more--><br \/>\n<!-- {\"type\":\"layout\",\"children\":[{\"type\":\"section\",\"props\":{\"style\":\"default\",\"width\":\"small\",\"vertical_align\":\"middle\",\"title_position\":\"top-left\",\"title_rotation\":\"left\",\"title_breakpoint\":\"xl\",\"image_position\":\"center-center\",\"padding_remove_bottom\":true,\"padding\":\"xsmall\",\"overlap\":false},\"children\":[{\"type\":\"row\",\"children\":[{\"type\":\"column\",\"props\":{\"position_sticky_breakpoint\":\"m\",\"image_position\":\"center-center\",\"media_overlay_gradient\":\"\",\"width_medium\":\"1-2\"},\"children\":[{\"type\":\"headline\",\"props\":{\"title_element\":\"h3\",\"content\":\"Programmation\",\"title_font_family\":\"tertiary\",\"title_decoration\":\"divider\",\"title_color\":\"emphasis\",\"margin_remove_top\":false,\"margin_remove_bottom\":true}}]},{\"type\":\"column\",\"props\":{\"position_sticky_breakpoint\":\"m\",\"image_position\":\"center-center\",\"media_overlay_gradient\":\"\",\"width_medium\":\"1-2\"},\"children\":[]}],\"props\":{\"layout\":\"1-2,1-2\"}}],\"name\":\"Ent\\u00eate - Activit\\u00e9s\"},{\"type\":\"section\",\"props\":{\"style\":\"muted\",\"width\":\"small\",\"vertical_align\":\"middle\",\"title_position\":\"top-left\",\"title_rotation\":\"left\",\"title_breakpoint\":\"xl\",\"image_position\":\"center-center\",\"padding\":\"xsmall\"},\"children\":[{\"type\":\"row\",\"props\":{\"layout\":\"1-5,4-5\"},\"children\":[{\"type\":\"column\",\"props\":{\"position_sticky_breakpoint\":\"m\",\"image_position\":\"center-center\",\"media_overlay_gradient\":\"\",\"width_medium\":\"1-5\"},\"children\":[{\"type\":\"headline\",\"props\":{\"title_element\":\"h4\",\"content\":\"Mercredi 13 avril <br \\\/>\\n\n\n<p><\\\/p>\",\"text_align\":\"right\"}},{\"type\":\"overlay\",\"props\":{\"link_text\":\"EN SAVOIR +\",\"overlay_mode\":\"cover\",\"overlay_hover\":true,\"overlay_style\":\"\",\"text_color\":\"light\",\"overlay_position\":\"center\",\"overlay_transition\":\"fade\",\"title_hover_style\":\"reset\",\"title_element\":\"h3\",\"meta_style\":\"lead\",\"meta_align\":\"below-title\",\"meta_element\":\"div\",\"link_style\":\"link-text\",\"text_align\":\"center\",\"margin\":\"default\",\"image\":\"wp-content\\\/uploads\\\/2022\\\/03\\\/Projecteur-Films01.jpg\",\"image_alt\":\"Vignette exposition photographe Jean-Jacques Ringuette\",\"title\":\"\",\"meta\":\"\",\"title_style\":\"h4\",\"title_font_family\":\"secondary\",\"link\":\"photographe-jean-jacques-ringuette\\\/\",\"meta_transition\":\"fade\",\"meta_margin\":\"remove\"}}]},{\"type\":\"column\",\"props\":{\"position_sticky_breakpoint\":\"m\",\"image_position\":\"center-center\",\"media_overlay_gradient\":\"\",\"width_medium\":\"4-5\"},\"children\":[{\"type\":\"headline\",\"props\":{\"title_element\":\"h4\",\"content\":\"Projection Cin\\u00e9-Factrie\",\"title_color\":\"muted\",\"margin_remove_bottom\":true}},{\"type\":\"headline\",\"props\":{\"title_element\":\"h4\",\"content\":\"Derouin: M\\u00e9tis des Am\\u00e9riques\",\"margin_remove_top\":false,\"margin\":\"small\"}},{\"type\":\"text\",\"props\":{\"margin\":\"\",\"column_breakpoint\":\"m\",\"content\":\"\n\n<p>Oiseau rare, l'artiste Ren\\u00e9 Derouin survole son univers qui relie le Qu\\u00e9bec au Mexique. Il y pose un regard nuanc\\u00e9, empreint de distance.<\\\/p>\",\"margin_remove_top\":true}},{\"type\":\"button\",\"props\":{\"grid_column_gap\":\"small\",\"grid_row_gap\":\"small\",\"margin\":\"default\"},\"children\":[{\"type\":\"button_item\",\"props\":{\"button_style\":\"text\",\"icon_align\":\"right\",\"content\":\"Pour en savoir plus\",\"link_title\":\"Pour en savoir plus\",\"icon\":\"arrow-right\",\"link\":\"photographe-jean-jacques-ringuette\\\/\"}}]}]}]}],\"name\":\"Cr\\u00e9ation d'un \\u00e9v\\u00e9nement\"},{\"type\":\"section\",\"props\":{\"style\":\"muted\",\"width\":\"small\",\"vertical_align\":\"middle\",\"title_position\":\"top-left\",\"title_rotation\":\"left\",\"title_breakpoint\":\"xl\",\"image_position\":\"center-center\",\"padding\":\"xsmall\"},\"children\":[{\"type\":\"row\",\"props\":{\"layout\":\"1-5,4-5\"},\"children\":[{\"type\":\"column\",\"props\":{\"position_sticky_breakpoint\":\"m\",\"image_position\":\"center-center\",\"media_overlay_gradient\":\"\",\"width_medium\":\"1-5\"},\"children\":[{\"type\":\"headline\",\"props\":{\"title_element\":\"h4\",\"content\":\"Dimanche 15 mai <br \\\/>\\n\n\n<p><\\\/p>\",\"text_align\":\"right\"}},{\"type\":\"overlay\",\"props\":{\"link_text\":\"EN SAVOIR +\",\"overlay_mode\":\"cover\",\"overlay_hover\":true,\"overlay_style\":\"\",\"text_color\":\"light\",\"overlay_position\":\"center\",\"overlay_transition\":\"fade\",\"title_hover_style\":\"reset\",\"title_element\":\"h3\",\"meta_style\":\"lead\",\"meta_align\":\"below-title\",\"meta_element\":\"div\",\"link_style\":\"link-text\",\"text_align\":\"center\",\"margin\":\"default\",\"image\":\"wp-content\\\/uploads\\\/2022\\\/03\\\/Guy-Langevin.png\",\"image_alt\":\"Vignette exposition photographe Jean-Jacques Ringuette\",\"title\":\"\",\"meta\":\"\",\"title_style\":\"h4\",\"title_font_family\":\"secondary\",\"link\":\"photographe-jean-jacques-ringuette\\\/\",\"meta_transition\":\"fade\",\"meta_margin\":\"remove\"}}]},{\"type\":\"column\",\"props\":{\"position_sticky_breakpoint\":\"m\",\"image_position\":\"center-center\",\"media_overlay_gradient\":\"\",\"width_medium\":\"4-5\"},\"children\":[{\"type\":\"headline\",\"props\":{\"title_element\":\"h4\",\"content\":\"Conf\\u00e9rence caf\\u00e9-brioche\",\"title_color\":\"muted\",\"margin_remove_bottom\":true}},{\"type\":\"headline\",\"props\":{\"title_element\":\"h4\",\"content\":\"Guy Langevin, ma\\u00eetre graveur.<br \\\/>La mani\\u00e8re noire.\",\"margin_remove_top\":false,\"margin\":\"small\"}},{\"type\":\"text\",\"props\":{\"margin\":\"\",\"column_breakpoint\":\"m\",\"content\":\"\",\"margin_remove_top\":true}},{\"type\":\"button\",\"props\":{\"grid_column_gap\":\"small\",\"grid_row_gap\":\"small\",\"margin\":\"default\"},\"children\":[{\"type\":\"button_item\",\"props\":{\"button_style\":\"text\",\"icon_align\":\"right\",\"content\":\"Pour en savoir plus\",\"link_title\":\"Pour en savoir plus\",\"icon\":\"arrow-right\",\"link\":\"photographe-jean-jacques-ringuette\\\/\"}}]}]}]}],\"name\":\"Cr\\u00e9ation d'un \\u00e9v\\u00e9nement\"},{\"type\":\"section\",\"props\":{\"style\":\"muted\",\"width\":\"small\",\"vertical_align\":\"middle\",\"title_position\":\"top-left\",\"title_rotation\":\"left\",\"title_breakpoint\":\"xl\",\"image_position\":\"center-center\",\"padding\":\"xsmall\"},\"children\":[{\"type\":\"row\",\"props\":{\"layout\":\"1-5,4-5\"},\"children\":[{\"type\":\"column\",\"props\":{\"position_sticky_breakpoint\":\"m\",\"image_position\":\"center-center\",\"media_overlay_gradient\":\"\",\"width_medium\":\"1-5\"},\"children\":[{\"type\":\"headline\",\"props\":{\"title_element\":\"h4\",\"content\":\"Vendredi 3 juin<br \\\/>\\n\n\n<p><\\\/p>\",\"text_align\":\"right\"}},{\"type\":\"image\",\"props\":{\"margin\":\"default\",\"image_svg_color\":\"emphasis\",\"image\":\"wp-content\\\/uploads\\\/2022\\\/03\\\/langue_fourchue_traiteur-5a7-drummondville-1440x900-1.jpg\"}}]},{\"type\":\"column\",\"props\":{\"position_sticky_breakpoint\":\"m\",\"image_position\":\"center-center\",\"media_overlay_gradient\":\"\",\"width_medium\":\"4-5\"},\"children\":[{\"type\":\"headline\",\"props\":{\"title_element\":\"h4\",\"content\":\"5 \\u00e0 7 culturel\",\"title_color\":\"muted\",\"margin_remove_bottom\":true}},{\"type\":\"text\",\"props\":{\"margin\":\"\",\"column_breakpoint\":\"m\",\"content\":\"\n\n<p>Soir\\u00e9e VIP<\\\/p>\\n\n\n<p>Membre de soutien et r\\u00e9sidents<\\\/p>\",\"margin_remove_top\":true}}]}]}],\"name\":\"Soir\\u00e9e VIP\"},{\"type\":\"section\",\"props\":{\"style\":\"default\",\"width\":\"small\",\"vertical_align\":\"middle\",\"title_position\":\"top-left\",\"title_rotation\":\"left\",\"title_breakpoint\":\"xl\",\"image_position\":\"center-center\",\"padding\":\"xsmall\"},\"children\":[{\"type\":\"row\",\"props\":{\"layout\":\"1-5,4-5\"},\"children\":[{\"type\":\"column\",\"props\":{\"position_sticky_breakpoint\":\"m\",\"image_position\":\"center-center\",\"media_overlay_gradient\":\"\",\"width_medium\":\"1-5\"},\"children\":[{\"type\":\"headline\",\"props\":{\"title_element\":\"h4\",\"content\":\"1er et 2 octobre<br \\\/>\\n\n\n<p><\\\/p>\",\"text_align\":\"right\"}},{\"type\":\"overlay\",\"props\":{\"link_text\":\"EN SAVOIR +\",\"overlay_mode\":\"cover\",\"overlay_hover\":true,\"overlay_style\":\"\",\"text_color\":\"light\",\"overlay_position\":\"center\",\"overlay_transition\":\"fade\",\"title_hover_style\":\"reset\",\"title_element\":\"h3\",\"meta_style\":\"lead\",\"meta_align\":\"below-title\",\"meta_element\":\"div\",\"link_style\":\"link-text\",\"text_align\":\"center\",\"margin\":\"default\",\"image\":\"wp-content\\\/uploads\\\/2022\\\/03\\\/243517374_10222902144975096_8859374464730497497_n.jpg\",\"image_alt\":\"journ\\u00e9es de la culture\",\"title\":\"\",\"meta\":\"\",\"title_style\":\"h4\",\"title_font_family\":\"secondary\",\"link\":\"photographe-jean-jacques-ringuette\\\/\",\"meta_transition\":\"fade\",\"meta_margin\":\"remove\"}}]},{\"type\":\"column\",\"props\":{\"position_sticky_breakpoint\":\"m\",\"image_position\":\"center-center\",\"media_overlay_gradient\":\"\",\"width_medium\":\"4-5\"},\"children\":[{\"type\":\"headline\",\"props\":{\"title_element\":\"h4\",\"content\":\"Journ\\u00e9es de la Culture\",\"title_color\":\"muted\",\"margin_remove_bottom\":true}},{\"type\":\"text\",\"props\":{\"margin\":\"\",\"column_breakpoint\":\"m\",\"content\":\"\n\n<p>Exposition de photo, de peinture et journ\\u00e9e portes ouvertes.<\\\/p>\",\"margin_remove_top\":true}}]}]}],\"name\":\"Journ\\u00e9e de la Culture\"},{\"type\":\"section\",\"props\":{\"style\":\"muted\",\"width\":\"small\",\"vertical_align\":\"middle\",\"title_position\":\"top-left\",\"title_rotation\":\"left\",\"title_breakpoint\":\"xl\",\"image_position\":\"center-center\",\"padding\":\"xsmall\"},\"children\":[{\"type\":\"row\",\"props\":{\"layout\":\"1-5,4-5\"},\"children\":[{\"type\":\"column\",\"props\":{\"position_sticky_breakpoint\":\"m\",\"image_position\":\"center-center\",\"media_overlay_gradient\":\"\",\"width_medium\":\"1-5\"},\"children\":[{\"type\":\"headline\",\"props\":{\"title_element\":\"h4\",\"content\":\"Vendredi <br \\\/>11 novembre 2022\\n\n\n<p><\\\/p>\",\"text_align\":\"right\"}},{\"type\":\"overlay\",\"props\":{\"link_text\":\"EN SAVOIR +\",\"overlay_mode\":\"cover\",\"overlay_hover\":true,\"overlay_style\":\"\",\"text_color\":\"light\",\"overlay_position\":\"center\",\"overlay_transition\":\"fade\",\"title_hover_style\":\"reset\",\"title_element\":\"h3\",\"meta_style\":\"lead\",\"meta_align\":\"below-title\",\"meta_element\":\"div\",\"link_style\":\"link-text\",\"text_align\":\"center\",\"margin\":\"default\",\"image\":\"wp-content\\\/uploads\\\/2022\\\/03\\\/Ringuette_2021.jpg\",\"image_alt\":\"Vignette exposition photographe Jean-Jacques Ringuette\",\"title\":\"\",\"meta\":\"\",\"title_style\":\"h4\",\"title_font_family\":\"secondary\",\"link\":\"photographe-jean-jacques-ringuette\\\/\",\"meta_transition\":\"fade\",\"meta_margin\":\"remove\"}}]},{\"type\":\"column\",\"props\":{\"position_sticky_breakpoint\":\"m\",\"image_position\":\"center-center\",\"media_overlay_gradient\":\"\",\"width_medium\":\"4-5\"},\"children\":[{\"type\":\"headline\",\"props\":{\"title_element\":\"h4\",\"content\":\"Exposition\",\"title_color\":\"muted\",\"margin_remove_bottom\":true}},{\"type\":\"headline\",\"props\":{\"title_element\":\"h4\",\"content\":\"Photographe Jean-Jacques Ringuette\",\"margin_remove_top\":false,\"margin\":\"small\"}},{\"type\":\"text\",\"props\":{\"margin\":\"\",\"column_breakpoint\":\"m\",\"content\":\"\n\n<p>Vernissage 11 novembre<br \\\/>Conf\\u00e9rence : dimanche le 20 nov. de 11 h \\u00e0 13 h<\\\/p>\",\"margin_remove_top\":true}},{\"type\":\"button\",\"props\":{\"grid_column_gap\":\"small\",\"grid_row_gap\":\"small\",\"margin\":\"default\"},\"children\":[{\"type\":\"button_item\",\"props\":{\"button_style\":\"text\",\"icon_align\":\"right\",\"content\":\"Pour en savoir plus\",\"link_title\":\"Pour en savoir plus\",\"icon\":\"arrow-right\",\"link\":\"photographe-jean-jacques-ringuette\\\/\"}}]}]}]}],\"name\":\"Exposition\"},{\"type\":\"section\",\"props\":{\"style\":\"default\",\"width\":\"small\",\"vertical_align\":\"middle\",\"title_position\":\"top-left\",\"title_rotation\":\"left\",\"title_breakpoint\":\"xl\",\"image_position\":\"center-center\",\"padding\":\"xsmall\"},\"children\":[{\"type\":\"row\",\"props\":{\"layout\":\"1-5,4-5\"},\"children\":[{\"type\":\"column\",\"props\":{\"position_sticky_breakpoint\":\"m\",\"image_position\":\"center-center\",\"media_overlay_gradient\":\"\",\"width_medium\":\"1-5\"},\"children\":[{\"type\":\"headline\",\"props\":{\"title_element\":\"h4\",\"content\":\"Vendredi <br \\\/>9 d\\u00e9cembre 2022\\n\n\n<p><\\\/p>\",\"text_align\":\"right\"}},{\"type\":\"overlay\",\"props\":{\"link_text\":\"EN SAVOIR +\",\"overlay_mode\":\"cover\",\"overlay_hover\":true,\"overlay_style\":\"\",\"text_color\":\"light\",\"overlay_position\":\"center\",\"overlay_transition\":\"fade\",\"title_hover_style\":\"reset\",\"title_element\":\"h3\",\"meta_style\":\"lead\",\"meta_align\":\"below-title\",\"meta_element\":\"div\",\"link_style\":\"link-text\",\"text_align\":\"center\",\"margin\":\"default\",\"image\":\"wp-content\\\/uploads\\\/2022\\\/03\\\/montage-petits-formats.jpg\",\"image_alt\":\"journ\\u00e9es de la culture\",\"title\":\"\",\"meta\":\"\",\"title_style\":\"h4\",\"title_font_family\":\"secondary\",\"link\":\"photographe-jean-jacques-ringuette\\\/\",\"meta_transition\":\"fade\",\"meta_margin\":\"remove\"},\"name\":\"image programmation\"}]},{\"type\":\"column\",\"props\":{\"position_sticky_breakpoint\":\"m\",\"image_position\":\"center-center\",\"media_overlay_gradient\":\"\",\"width_medium\":\"4-5\"},\"children\":[{\"type\":\"headline\",\"props\":{\"title_element\":\"h4\",\"content\":\"Soir\\u00e9e petits formats\",\"title_color\":\"muted\",\"margin_remove_bottom\":true}},{\"type\":\"text\",\"props\":{\"margin\":\"\",\"column_breakpoint\":\"m\",\"content\":\"\n\n<p>Ouvert \\u00e0 tous<\\\/p>\",\"margin_remove_top\":true}}]}]}],\"name\":\"Soir\\u00e9e petits formats\"},{\"type\":\"section\",\"props\":{\"style\":\"muted\",\"width\":\"small\",\"vertical_align\":\"middle\",\"title_position\":\"top-left\",\"title_rotation\":\"left\",\"title_breakpoint\":\"xl\",\"image_position\":\"center-center\",\"padding\":\"xsmall\"},\"children\":[{\"type\":\"row\",\"props\":{\"layout\":\"1-5,4-5\"},\"children\":[{\"type\":\"column\",\"props\":{\"position_sticky_breakpoint\":\"m\",\"image_position\":\"center-center\",\"media_overlay_gradient\":\"\",\"width_medium\":\"1-5\"},\"children\":[{\"type\":\"headline\",\"props\":{\"title_element\":\"h4\",\"content\":\"\n\n<p>\\u00c0 d\\u00e9terminer<\\\/p>\",\"text_align\":\"right\"}}]},{\"type\":\"column\",\"props\":{\"position_sticky_breakpoint\":\"m\",\"image_position\":\"center-center\",\"media_overlay_gradient\":\"\",\"width_medium\":\"4-5\"},\"children\":[{\"type\":\"headline\",\"props\":{\"title_element\":\"h4\",\"content\":\"5 \\u00e0 7 culturels\",\"title_color\":\"muted\",\"margin_remove_bottom\":true}},{\"type\":\"text\",\"props\":{\"margin\":\"\",\"column_breakpoint\":\"m\",\"content\":\"\n\n<p>Ouvert \\u00e0 tous<\\\/p>\",\"margin_remove_top\":true}}]}]}],\"name\":\"5 \\u00e0 7 culturel\"},{\"type\":\"section\",\"props\":{\"style\":\"default\",\"width\":\"default\",\"vertical_align\":\"middle\",\"title_position\":\"top-left\",\"title_rotation\":\"left\",\"title_breakpoint\":\"xl\",\"image_position\":\"center-center\",\"padding\":\"xsmall\"},\"children\":[{\"type\":\"row\",\"props\":{\"layout\":\"1-2,1-2\"},\"children\":[{\"type\":\"column\",\"props\":{\"position_sticky_breakpoint\":\"m\",\"image_position\":\"center-center\",\"media_overlay_gradient\":\"\",\"width_medium\":\"1-2\"},\"children\":[{\"type\":\"yooessentials_social_sharing\",\"props\":{\"link_style\":\"button\",\"gap\":\"small\",\"margin\":\"default\"},\"children\":[{\"type\":\"yooessentials_social_sharing_item\",\"props\":{\"link\":\"facebook\",\"link_target\":\"_blank\",\"link_target_width\":\"\",\"link_target_height\":\"\"}},{\"type\":\"yooessentials_social_sharing_item\",\"props\":{\"link\":\"twitter\",\"link_target\":\"_blank\",\"link_target_width\":\"\",\"link_target_height\":\"\"}},{\"type\":\"yooessentials_social_sharing_item\",\"props\":{\"link\":\"linkedin\",\"link_target\":\"_blank\",\"link_target_width\":\"\",\"link_target_height\":\"\"}},{\"type\":\"yooessentials_social_sharing_item\",\"props\":{\"link\":\"custom\",\"title\":\"Email\",\"icon\":\"mail\",\"attributes\":\"onclick=\\\"window.location = 'mailto:?subject=' + document.title + '&body=' + window.location.href; return false;\\\"\",\"custom_link\":\"%s\",\"link_target\":\"_blank\",\"link_target_width\":\"\",\"link_target_height\":\"\"}},{\"type\":\"yooessentials_social_sharing_item\",\"props\":{\"link\":\"custom\",\"title\":\"Imprimer\",\"icon\":\"print\",\"attributes\":\"onclick=\\\"window.print();\\\"\",\"custom_link\":\"\",\"link_target\":\"_blank\",\"link_target_width\":\"\",\"link_target_height\":\"\"}}],\"name\":\"Partage social - 2022\"}]},{\"type\":\"column\",\"props\":{\"position_sticky_breakpoint\":\"m\",\"image_position\":\"center-center\",\"media_overlay_gradient\":\"\",\"width_medium\":\"1-2\"},\"children\":[]}]}],\"name\":\"Partage social\"}],\"version\":\"2.7.20\",\"yooessentialsVersion\":\"1.6.2\"} --><\/p>\n","protected":false},"excerpt":{"rendered":"<p>Programmation Mercredi 13 avril EN SAVOIR + Projection Cin\u00e9-Factrie Derouin: M\u00e9tis des Am\u00e9riques Oiseau rare, l&#8217;artiste Ren\u00e9 Derouin survole son univers qui relie le Qu\u00e9bec au Mexique. Il y pose un regard nuanc\u00e9, empreint de distance. Pour en savoir plus Dimanche 15 mai EN SAVOIR + Conf\u00e9rence caf\u00e9-brioche Guy Langevin, ma\u00eetre graveur.La mani\u00e8re noire. Pour [&hellip;]<\/p>\n","protected":false},"author":1,"featured_media":0,"parent":0,"menu_order":0,"comment_status":"closed","ping_status":"closed","template":"","meta":{"footnotes":""},"class_list":["post-17","page","type-page","status-publish","hentry"],"yoast_head":"<!-- This site is optimized with the Yoast SEO plugin v18.3 - https:\/\/yoast.com\/wordpress\/plugins\/seo\/ -->\n<title>Programmation<\/title>\n<meta name=\"description\" content=\"Programmation Mercredi 13 avril EN SAVOIR + Projection Cin\u00e9-Factrie Derouin: M\u00e9tis des Am\u00e9riques Oiseau rare, l&#039;artiste Ren\u00e9 Derouin survole son univers qui relie le Qu\u00e9bec au Mexique. Il y pose un regard nuanc\u00e9, empreint de distance. Pour en savoir plus Dimanche 15 mai EN SAVOIR + Conf\u00e9rence caf\u00e9-brioche Guy Langevin, ma\u00eetre graveur.La mani\u00e8re noire. Pour&hellip;\" \/>\n<meta name=\"robots\" content=\"noindex, follow, max-snippet:-1, max-image-preview:large, max-video-preview:-1\" \/>\n<meta property=\"og:locale\" content=\"en_US\" \/>\n<meta property=\"og:type\" content=\"article\" \/>\n<meta property=\"og:title\" content=\"Programmation\" \/>\n<meta property=\"og:description\" content=\"Programmation Mercredi 13 avril EN SAVOIR + Projection Cin\u00e9-Factrie Derouin: M\u00e9tis des Am\u00e9riques Oiseau rare, l&#039;artiste Ren\u00e9 Derouin survole son univers qui relie le Qu\u00e9bec au Mexique. Il y pose un regard nuanc\u00e9, empreint de distance. Pour en savoir plus Dimanche 15 mai EN SAVOIR + Conf\u00e9rence caf\u00e9-brioche Guy Langevin, ma\u00eetre graveur.La mani\u00e8re noire. Pour&hellip;\" \/>\n<meta property=\"og:url\" content=\"https:\/\/dev.factrie701.com\/programmation\/\" \/>\n<meta property=\"og:site_name\" content=\"Factrie 701\" \/>\n<meta property=\"article:modified_time\" content=\"2022-03-21T12:28:58+00:00\" \/>\n<meta property=\"og:image\" content=\"https:\/\/dev.factrie701.com\/wp-content\/uploads\/2022\/03\/Projecteur-Films01.jpg\" \/>\n<meta name=\"twitter:card\" content=\"summary_large_image\" \/>\n<meta name=\"twitter:label1\" content=\"Est. reading time\" \/>\n\t<meta name=\"twitter:data1\" content=\"1 minute\" \/>\n<script type=\"application\/ld+json\" class=\"yoast-schema-graph\">{\"@context\":\"https:\/\/schema.org\",\"@graph\":[{\"@type\":\"WebSite\",\"@id\":\"https:\/\/dev.factrie701.com\/#website\",\"url\":\"https:\/\/dev.factrie701.com\/\",\"name\":\"Factrie 701\",\"description\":\"Atelier et galerie d&#039;art\",\"potentialAction\":[{\"@type\":\"SearchAction\",\"target\":{\"@type\":\"EntryPoint\",\"urlTemplate\":\"https:\/\/dev.factrie701.com\/?s={search_term_string}\"},\"query-input\":\"required name=search_term_string\"}],\"inLanguage\":\"en-US\"},{\"@type\":\"ImageObject\",\"@id\":\"https:\/\/dev.factrie701.com\/programmation\/#primaryimage\",\"inLanguage\":\"en-US\",\"url\":\"\/wp-content\/uploads\/2022\/03\/Projecteur-Films01.jpg\",\"contentUrl\":\"\/wp-content\/uploads\/2022\/03\/Projecteur-Films01.jpg\"},{\"@type\":\"WebPage\",\"@id\":\"https:\/\/dev.factrie701.com\/programmation\/#webpage\",\"url\":\"https:\/\/dev.factrie701.com\/programmation\/\",\"name\":\"Programmation - Factrie 701\",\"isPartOf\":{\"@id\":\"https:\/\/dev.factrie701.com\/#website\"},\"primaryImageOfPage\":{\"@id\":\"https:\/\/dev.factrie701.com\/programmation\/#primaryimage\"},\"datePublished\":\"2022-02-23T20:24:43+00:00\",\"dateModified\":\"2022-03-21T12:28:58+00:00\",\"breadcrumb\":{\"@id\":\"https:\/\/dev.factrie701.com\/programmation\/#breadcrumb\"},\"inLanguage\":\"en-US\",\"potentialAction\":[{\"@type\":\"ReadAction\",\"target\":[\"https:\/\/dev.factrie701.com\/programmation\/\"]}]},{\"@type\":\"BreadcrumbList\",\"@id\":\"https:\/\/dev.factrie701.com\/programmation\/#breadcrumb\",\"itemListElement\":[{\"@type\":\"ListItem\",\"position\":1,\"name\":\"Accueil\",\"item\":\"https:\/\/dev.factrie701.com\/\"},{\"@type\":\"ListItem\",\"position\":2,\"name\":\"Programmation\"}]}]}<\/script>\n<!-- \/ Yoast SEO plugin. -->","yoast_head_json":{"title":"Programmation","description":"Programmation Mercredi 13 avril EN SAVOIR + Projection Cin\u00e9-Factrie Derouin: M\u00e9tis des Am\u00e9riques Oiseau rare, l'artiste Ren\u00e9 Derouin survole son univers qui relie le Qu\u00e9bec au Mexique. Il y pose un regard nuanc\u00e9, empreint de distance. Pour en savoir plus Dimanche 15 mai EN SAVOIR + Conf\u00e9rence caf\u00e9-brioche Guy Langevin, ma\u00eetre graveur.La mani\u00e8re noire. Pour&hellip;","robots":{"index":"noindex","follow":"follow","max-snippet":"max-snippet:-1","max-image-preview":"max-image-preview:large","max-video-preview":"max-video-preview:-1"},"og_locale":"en_US","og_type":"article","og_title":"Programmation","og_description":"Programmation Mercredi 13 avril EN SAVOIR + Projection Cin\u00e9-Factrie Derouin: M\u00e9tis des Am\u00e9riques Oiseau rare, l'artiste Ren\u00e9 Derouin survole son univers qui relie le Qu\u00e9bec au Mexique. Il y pose un regard nuanc\u00e9, empreint de distance. Pour en savoir plus Dimanche 15 mai EN SAVOIR + Conf\u00e9rence caf\u00e9-brioche Guy Langevin, ma\u00eetre graveur.La mani\u00e8re noire. Pour&hellip;","og_url":"https:\/\/dev.factrie701.com\/programmation\/","og_site_name":"Factrie 701","article_modified_time":"2022-03-21T12:28:58+00:00","og_image":[{"url":"https:\/\/dev.factrie701.com\/wp-content\/uploads\/2022\/03\/Projecteur-Films01.jpg"}],"twitter_card":"summary_large_image","twitter_misc":{"Est. reading time":"1 minute"},"schema":{"@context":"https:\/\/schema.org","@graph":[{"@type":"WebSite","@id":"https:\/\/dev.factrie701.com\/#website","url":"https:\/\/dev.factrie701.com\/","name":"Factrie 701","description":"Atelier et galerie d&#039;art","potentialAction":[{"@type":"SearchAction","target":{"@type":"EntryPoint","urlTemplate":"https:\/\/dev.factrie701.com\/?s={search_term_string}"},"query-input":"required name=search_term_string"}],"inLanguage":"en-US"},{"@type":"ImageObject","@id":"https:\/\/dev.factrie701.com\/programmation\/#primaryimage","inLanguage":"en-US","url":"\/wp-content\/uploads\/2022\/03\/Projecteur-Films01.jpg","contentUrl":"\/wp-content\/uploads\/2022\/03\/Projecteur-Films01.jpg"},{"@type":"WebPage","@id":"https:\/\/dev.factrie701.com\/programmation\/#webpage","url":"https:\/\/dev.factrie701.com\/programmation\/","name":"Programmation - Factrie 701","isPartOf":{"@id":"https:\/\/dev.factrie701.com\/#website"},"primaryImageOfPage":{"@id":"https:\/\/dev.factrie701.com\/programmation\/#primaryimage"},"datePublished":"2022-02-23T20:24:43+00:00","dateModified":"2022-03-21T12:28:58+00:00","breadcrumb":{"@id":"https:\/\/dev.factrie701.com\/programmation\/#breadcrumb"},"inLanguage":"en-US","potentialAction":[{"@type":"ReadAction","target":["https:\/\/dev.factrie701.com\/programmation\/"]}]},{"@type":"BreadcrumbList","@id":"https:\/\/dev.factrie701.com\/programmation\/#breadcrumb","itemListElement":[{"@type":"ListItem","position":1,"name":"Accueil","item":"https:\/\/dev.factrie701.com\/"},{"@type":"ListItem","position":2,"name":"Programmation"}]}]}},"_links":{"self":[{"href":"https:\/\/dev.factrie701.com\/wp-json\/wp\/v2\/pages\/17","targetHints":{"allow":["GET"]}}],"collection":[{"href":"https:\/\/dev.factrie701.com\/wp-json\/wp\/v2\/pages"}],"about":[{"href":"https:\/\/dev.factrie701.com\/wp-json\/wp\/v2\/types\/page"}],"author":[{"embeddable":true,"href":"https:\/\/dev.factrie701.com\/wp-json\/wp\/v2\/users\/1"}],"replies":[{"embeddable":true,"href":"https:\/\/dev.factrie701.com\/wp-json\/wp\/v2\/comments?post=17"}],"version-history":[{"count":167,"href":"https:\/\/dev.factrie701.com\/wp-json\/wp\/v2\/pages\/17\/revisions"}],"predecessor-version":[{"id":1005,"href":"https:\/\/dev.factrie701.com\/wp-json\/wp\/v2\/pages\/17\/revisions\/1005"}],"wp:attachment":[{"href":"https:\/\/dev.factrie701.com\/wp-json\/wp\/v2\/media?parent=17"}],"curies":[{"name":"wp","href":"https:\/\/api.w.org\/{rel}","templated":true}]}}