{"id":188,"date":"2022-03-03T20:45:51","date_gmt":"2022-03-04T01:45:51","guid":{"rendered":"https:\/\/dev.factrie701.com\/?page_id=188"},"modified":"2022-03-21T08:37:40","modified_gmt":"2022-03-21T12:37:40","slug":"activites","status":"publish","type":"page","link":"https:\/\/dev.factrie701.com\/activites\/","title":{"rendered":"Activit\u00e9s"},"content":{"rendered":"<h3>Ateliers de dessin<\/h3>\n<p><img decoding=\"async\" src=\"\/wp-content\/uploads\/2022\/02\/Factrie-atelier-2018-74-1.jpg\" alt=\"\"><\/p>\n<h3>Portrait<\/h3>\n<div>\n<p>Lors des ateliers de dessin, portrait, une quinzaine de personnes se dessinent mutuellement pour des poses de 5 \u00e0 10 minutes. Apr\u00e8s la s\u00e9ance il y a un retour et partage \u00e0 propose des dessins effectu\u00e9s durant l\u2019atelier.<\/p>\n<\/div>\n<ul>\n<li>\n<h3>Quand :<\/h3>\n<div>\n<p>Tous les lundis apr\u00e8s-midi de 13h \u00e0 15h30, sauf exception.<\/p>\n<\/div>\n<\/li>\n<li>\n<h3>Public cible :<\/h3>\n<div>\n<p>Membres seulement.<\/p>\n<\/div>\n<\/li>\n<li>\n<h3>Co\u00fbt :<\/h3>\n<div>\n<p>5 $ par session<\/p>\n<\/div>\n<\/li>\n<\/ul>\n<h3>Mod\u00e8le vivant nu<\/h3>\n<div>\n<p><span style=\"color: #000000;\">Tous les mercredis apr\u00e8s-midi de 13h \u00e0 15h30 une quinzaine de personnes participent \u00e0 un atelier de mod\u00e8le vivant. Les poses sont de 2 minutes \u00e0 20 minutes. \u00c0 la fin de l\u2019atelier les participants sont invit\u00e9s \u00e0 pr\u00e9senter leur dessin coup de coeur.<\/span><\/p>\n<\/div>\n<ul>\n<li>\n<h3>Quand :<\/h3>\n<div>\n<p>Tous les mercredis apr\u00e8s-midi de 13h \u00e0 15h30, sauf exception.<\/p>\n<\/div>\n<\/li>\n<li>\n<h3>Public cible :<\/h3>\n<div>\n<p>Membres seulement.<\/p>\n<\/div>\n<\/li>\n<li>\n<h3>Co\u00fbt :<\/h3>\n<div>\n<p>15 $ par session<\/p>\n<\/div>\n<\/li>\n<\/ul>\n<h3>Expositions<\/h3>\n<p><img decoding=\"async\" src=\"\/wp-content\/uploads\/2022\/02\/273572120_361086256019861_6266844434873047636_n.jpg\" alt=\"\"><\/p>\n<div>\n<p>Plusieurs fois par ann\u00e9e, la Factrie se fait belle et se convertit en galerie ouverte au public. La Factrie propose des expositions de ses membres, bien s\u00fbr, mais aussi d\u2019artistes invit\u00e9s de la r\u00e9gion ou d\u2019ailleurs.<\/p>\n<p>Les exposants sont invit\u00e9s \u00e0 pr\u00e9senter leurs oeuvres et \u00e0 parler de leur d\u00e9marche avec le public et les membres de la Factrie.<\/p>\n<\/div>\n<ul>\n<li>\n<h3>Quand :<\/h3>\n<div>\n<p>Voir la programmation. Surveiller la page d\u2019accueil du site pour voir les \u00e9v\u00e9nements \u00e0 venir.<\/p>\n<\/div>\n<\/li>\n<li>\n<h3>Public cible :<\/h3>\n<div>\n<p><span style=\"color: #000000;\"><span style=\"font-family: Calibri, serif;\"><span style=\"font-family: Quicksand, serif;\"><span style=\"font-size: large;\">bienvenue \u00e0 toutes et tous<\/span><\/span><\/span><\/span><\/p>\n<\/div>\n<\/li>\n<li>\n<h3>Co\u00fbt :<\/h3>\n<div>\n<p>Entr\u00e9e libre<\/p>\n<\/div>\n<\/li>\n<\/ul>\n<h3>5 \u00e0 7 culturels<\/h3>\n<p><img decoding=\"async\" src=\"\/wp-content\/uploads\/2022\/03\/langue_fourchue_traiteur-5a7-drummondville-1440x900-1.jpg\" alt=\"\"><\/p>\n<div>\n<p>4 fois par ann\u00e9e, la Factrie organise un \u00ab 5 \u00e0 7 culturel \u00bb autour d\u2019un th\u00e8me, d\u2019un artiste ou d\u2019un \u00e9v\u00e9nement culturel tel qu\u2019un lancement de livre ou d\u2019album.<\/p>\n<p>Ces 5 \u00e0 7 se tiennent dans un climat informel, et ont pour objectifs de favoriser les \u00e9changes et l\u2019enrichissement culturel dans un climat ouvert et souvent festif.<\/p>\n<\/div>\n<ul>\n<li>\n<h3>Quand :<\/h3>\n<div>\n<p>Voir la programmation. Surveiller la page d\u2019accueil du site pour voir les \u00e9v\u00e9nements \u00e0 venir. Il est fortement recommand\u00e9 de r\u00e9server une place.<\/p>\n<\/div>\n<\/li>\n<li>\n<h3>Public cible :<\/h3>\n<div>\n<p><span style=\"color: #000000;\"><span style=\"font-family: Calibri, serif;\"><span style=\"font-family: Quicksand, serif;\"><span style=\"font-size: large;\">ouvert au public, mais le nombre de places peut \u00eatre limit\u00e9.<\/span><\/span><\/span><\/span><\/p>\n<\/div>\n<\/li>\n<li>\n<h3>Co\u00fbt :<\/h3>\n<div>\n<p>Entr\u00e9e libre<\/p>\n<\/div>\n<\/li>\n<\/ul>\n<h3>Conf\u00e9rences<\/h3>\n<p><img decoding=\"async\" src=\"\/wp-content\/uploads\/2022\/02\/Factrie-Objets-2018-16-1.jpg\" alt=\"\"><\/p>\n<h3>Conf\u00e9rences <br \/>\u00ab caf\u00e9-brioche du dimanche \u00bb<\/h3>\n<div>\n<p>Environ 4 fois par ann\u00e9e, un conf\u00e9rencier vient nous pr\u00e9senter son travail artistique et sa d\u00e9marche. Parfois anim\u00e9 de d\u00e9monstration technique ainsi que de projection.<\/p>\n<\/div>\n<ul>\n<li>\n<h3>Quand :<\/h3>\n<div>\n<p>Voir la programmation. Surveiller la page d\u2019accueil du site pour voir les \u00e9v\u00e9nements \u00e0 venir.<\/p>\n<\/div>\n<\/li>\n<li>\n<h3>Public cible :<\/h3>\n<div>\n<p>bienvenue \u00e0 toutes et tous. Priorit\u00e9 aux membres.<\/p>\n<\/div>\n<\/li>\n<li>\n<h3>Co\u00fbt :<\/h3>\n<div>\n<p>Variables. Tarif pr\u00e9f\u00e9rentiel pour les membres.<\/p>\n<\/div>\n<\/li>\n<\/ul>\n<h3>Formations<\/h3>\n<p><img decoding=\"async\" src=\"\/wp-content\/uploads\/2022\/02\/Factrie-Objets-2018-21-1.jpg\" alt=\"\"><\/p>\n<div>\n<p>Les professionnels de la Factrie proposent r\u00e9guli\u00e8rement des activit\u00e9s de formation et de familiarisation aux techniques de dessin et\/ou \u00e0 des mediums telles que le fusain et l\u2019aquarelle.<\/p>\n<p>Ces formations peuvent \u00eatre organis\u00e9es sur demande. En groupe ou en mode priv\u00e9.<\/p>\n<\/div>\n<ul>\n<li>\n<h3>Quand :<\/h3>\n<div>\n<p>Voir la programmation. Surveiller la page d\u2019accueil du site pour voir les \u00e9v\u00e9nements \u00e0 venir.<\/p>\n<\/div>\n<\/li>\n<li>\n<h3>Public cible :<\/h3>\n<div>\n<p>Ouvert au public. Inscription requise<\/p>\n<\/div>\n<\/li>\n<li>\n<h3>Co\u00fbt :<\/h3>\n<div>\n<p>Variable selon les activit\u00e9s<\/p>\n<\/div>\n<\/li>\n<\/ul>\n<h3>Projections Cin\u00e9-Factrie<\/h3>\n<p><img decoding=\"async\" src=\"\/wp-content\/uploads\/2022\/03\/Projecteur-Films01.jpg\" alt=\"\"><\/p>\n<h3>Projections de films d&#8217;art<\/h3>\n<div>\n<p>La Factrie organise des projections de films d\u2019art, suivis d\u2019\u00e9changes sur les films et les \u0153uvres ou artistes qui en font l\u2019objet.<\/p>\n<p>L\u2019objectif est de promouvoir l\u2019art actuel en pr\u00e9sentant des films portant sur des artistes contemporains marquants, par leurs oeuvres, leur vie ou leur d\u00e9marche artistique.<\/p>\n<p>La dur\u00e9e pr\u00e9vue par activit\u00e9 est de 90 minutes.<\/p>\n<\/div>\n<ul>\n<li>\n<h3>Quand :<\/h3>\n<div>\n<p>Le premier mercredi du mois, \u00e0 16 heures, sauf exception.<\/p>\n<\/div>\n<\/li>\n<li>\n<h3>Public cible :<\/h3>\n<div>\n<p>Ouvert au public<\/p>\n<\/div>\n<\/li>\n<li>\n<h3>Co\u00fbt :<\/h3>\n<div>\n<p><strong>5$<\/strong> membres, 1<strong>0$<\/strong> non-membres<\/p>\n<\/div>\n<\/li>\n<\/ul>\n<ul>\n<li><a href=\"#\">social<\/a>\n<\/li>\n<li><a href=\"#\">social<\/a>\n<\/li>\n<li><a href=\"#\">social<\/a>\n<\/li>\n<li><a href=\"#\">social<\/a>\n<\/li>\n<li><a href=\"#\">social<\/a>\n<\/li>\n<\/ul>\n<p><!--more--><br \/>\n<!-- {\"type\":\"layout\",\"children\":[{\"type\":\"section\",\"props\":{\"style\":\"default\",\"width\":\"small\",\"vertical_align\":\"middle\",\"title_position\":\"top-left\",\"title_rotation\":\"left\",\"title_breakpoint\":\"xl\",\"image_position\":\"center-center\",\"padding_remove_bottom\":false,\"padding\":\"xsmall\",\"overlap\":false},\"children\":[{\"type\":\"row\",\"children\":[{\"type\":\"column\",\"props\":{\"position_sticky_breakpoint\":\"m\",\"image_position\":\"center-center\",\"media_overlay_gradient\":\"\",\"width_medium\":\"1-2\"},\"children\":[{\"type\":\"headline\",\"props\":{\"title_element\":\"h3\",\"content\":\"Ateliers de dessin\",\"title_font_family\":\"tertiary\",\"title_decoration\":\"divider\",\"title_color\":\"emphasis\"}},{\"type\":\"image\",\"props\":{\"margin\":\"default\",\"image_svg_color\":\"emphasis\",\"image\":\"wp-content\\\/uploads\\\/2022\\\/02\\\/Factrie-atelier-2018-74-1.jpg\"}}]},{\"type\":\"column\",\"props\":{\"position_sticky_breakpoint\":\"m\",\"image_position\":\"center-center\",\"media_overlay_gradient\":\"\",\"width_medium\":\"1-2\"},\"children\":[]}],\"props\":{\"layout\":\"1-2,1-2\"}}],\"name\":\"Ateliers de dessin\"},{\"type\":\"section\",\"props\":{\"style\":\"default\",\"width\":\"small\",\"vertical_align\":\"middle\",\"title_position\":\"top-left\",\"title_rotation\":\"left\",\"title_breakpoint\":\"xl\",\"image_position\":\"center-center\",\"padding_remove_top\":true,\"padding\":\"xsmall\",\"padding_remove_bottom\":false,\"animation\":\"slide-left-small\"},\"children\":[{\"type\":\"row\",\"children\":[{\"type\":\"column\",\"props\":{\"position_sticky_breakpoint\":\"m\",\"image_position\":\"center-center\",\"media_overlay_gradient\":\"\"},\"children\":[{\"type\":\"headline\",\"props\":{\"title_element\":\"h3\",\"content\":\"Portrait\",\"title_font_family\":\"tertiary\",\"title_color\":\"muted\",\"class\":\"\",\"css\":\".el-element {margin-top:-20px; margin-bottom:-20px;}\"}},{\"type\":\"text\",\"props\":{\"margin\":\"default\",\"column_breakpoint\":\"m\",\"content\":\"\n\n<p>Lors des ateliers de dessin, portrait, une quinzaine de personnes se dessinent mutuellement pour des poses de 5 \\u00e0 10 minutes. Apr\\u00e8s la s\\u00e9ance il y a un retour et partage \\u00e0 propose des dessins effectu\\u00e9s durant l\\u2019atelier.<\\\/p>\",\"dropcap\":false}},{\"name\":\"Description List Title Width Auto\",\"type\":\"description_list\",\"children\":[{\"name\":\"\",\"type\":\"description_list_item\",\"props\":{\"title\":\"Quand :\",\"content\":\"\n\n<p>Tous les lundis apr\\u00e8s-midi de 13h \\u00e0 15h30, sauf exception.<\\\/p>\",\"meta\":\"\"}},{\"name\":\"\",\"type\":\"description_list_item\",\"props\":{\"title\":\"Public cible :\",\"content\":\"\n\n<p>Membres seulement.<\\\/p>\",\"meta\":\"\"}},{\"name\":\"\",\"type\":\"description_list_item\",\"props\":{\"title\":\"Co\\u00fbt :\",\"content\":\"\n\n<p>5 $ par session<\\\/p>\",\"meta\":\"\"}}],\"props\":{\"show_link\":true,\"layout\":\"stacked\",\"list_size\":\"\",\"show_title\":true,\"show_meta\":true,\"show_content\":true,\"meta_style\":\"\",\"meta_align\":\"above-content\",\"title_grid_column_gap\":\"small\",\"title_grid_row_gap\":\"small\",\"title_grid_width\":\"auto\",\"title_leader\":false,\"list_element\":\"ul\",\"column_breakpoint\":\"m\",\"title_element\":\"div\",\"list_marker\":\"\",\"title_style\":\"text-bold\",\"title_colon\":false,\"id\":\"description-list-title-width-auto\",\"list_style\":\"divider\"}}]}]}],\"name\":\"Ateliers de dessin - Portrait\"},{\"type\":\"section\",\"props\":{\"style\":\"default\",\"width\":\"small\",\"vertical_align\":\"middle\",\"title_position\":\"top-left\",\"title_rotation\":\"left\",\"title_breakpoint\":\"xl\",\"image_position\":\"center-center\",\"padding_remove_top\":false,\"padding\":\"xsmall\",\"animation\":\"slide-left-small\",\"animation_delay\":\"1\"},\"children\":[{\"type\":\"row\",\"children\":[{\"type\":\"column\",\"props\":{\"position_sticky_breakpoint\":\"m\",\"image_position\":\"center-center\",\"media_overlay_gradient\":\"\"},\"children\":[{\"type\":\"headline\",\"props\":{\"title_element\":\"h3\",\"content\":\"Mod\\u00e8le vivant nu\",\"title_font_family\":\"tertiary\",\"title_color\":\"muted\",\"css\":\".el-element {margin-top:-20px; margin-bottom:-20px;}\"}},{\"type\":\"text\",\"props\":{\"margin\":\"default\",\"column_breakpoint\":\"m\",\"content\":\"\n\n<p><span style=\\\"color: #000000;\\\">Tous les mercredis apr\\u00e8s-midi de 13h \\u00e0 15h30 une quinzaine de personnes participent \\u00e0 un atelier de mod\\u00e8le vivant. Les poses sont de 2 minutes \\u00e0 20 minutes. \\u00c0 la fin de l\\u2019atelier les participants sont invit\\u00e9s \\u00e0 pr\\u00e9senter leur dessin coup de coeur.<\\\/span><\\\/p>\",\"dropcap\":false}},{\"name\":\"D\\u00e9tails\",\"type\":\"description_list\",\"children\":[{\"name\":\"\",\"type\":\"description_list_item\",\"props\":{\"title\":\"Quand :\",\"content\":\"\n\n<p>Tous les mercredis apr\\u00e8s-midi de 13h \\u00e0 15h30, sauf exception.<\\\/p>\",\"meta\":\"\"}},{\"name\":\"\",\"type\":\"description_list_item\",\"props\":{\"title\":\"Public cible :\",\"content\":\"\n\n<p>Membres seulement.<\\\/p>\",\"meta\":\"\"}},{\"name\":\"\",\"type\":\"description_list_item\",\"props\":{\"title\":\"Co\\u00fbt :\",\"content\":\"\n\n<p>15 $ par session<\\\/p>\",\"meta\":\"\"}}],\"props\":{\"show_link\":true,\"layout\":\"stacked\",\"list_size\":\"\",\"show_title\":true,\"show_meta\":true,\"show_content\":true,\"meta_style\":\"\",\"meta_align\":\"above-content\",\"title_grid_column_gap\":\"small\",\"title_grid_row_gap\":\"small\",\"title_grid_width\":\"auto\",\"title_leader\":false,\"list_element\":\"ul\",\"column_breakpoint\":\"m\",\"title_element\":\"div\",\"list_marker\":\"\",\"title_style\":\"h4\",\"title_colon\":false,\"id\":\"description-list-title-width-auto\",\"list_style\":\"divider\",\"title_color\":\"muted\"}}]}]}],\"name\":\"Atelier de dessin - Mod\\u00e8le vivant nu\"},{\"type\":\"section\",\"props\":{\"style\":\"muted\",\"width\":\"small\",\"vertical_align\":\"middle\",\"title_position\":\"top-left\",\"title_rotation\":\"left\",\"title_breakpoint\":\"xl\",\"image_position\":\"center-center\",\"padding_remove_bottom\":true,\"padding\":\"xsmall\",\"overlap\":false},\"children\":[{\"type\":\"row\",\"children\":[{\"type\":\"column\",\"props\":{\"position_sticky_breakpoint\":\"m\",\"image_position\":\"center-center\",\"media_overlay_gradient\":\"\",\"width_medium\":\"1-2\"},\"children\":[{\"type\":\"headline\",\"props\":{\"title_element\":\"h3\",\"content\":\"Expositions\",\"title_font_family\":\"tertiary\",\"title_decoration\":\"divider\",\"title_color\":\"emphasis\"}},{\"type\":\"image\",\"props\":{\"margin\":\"default\",\"image_svg_color\":\"emphasis\",\"image\":\"wp-content\\\/uploads\\\/2022\\\/02\\\/273572120_361086256019861_6266844434873047636_n.jpg\",\"attributes\":\"\"}}]},{\"type\":\"column\",\"props\":{\"position_sticky_breakpoint\":\"m\",\"image_position\":\"center-center\",\"media_overlay_gradient\":\"\",\"width_medium\":\"1-2\"},\"children\":[]}],\"props\":{\"layout\":\"1-2,1-2\"}}],\"name\":\"Expositions\"},{\"type\":\"section\",\"props\":{\"style\":\"muted\",\"width\":\"small\",\"vertical_align\":\"middle\",\"title_position\":\"top-left\",\"title_rotation\":\"left\",\"title_breakpoint\":\"xl\",\"image_position\":\"center-center\",\"padding_remove_top\":false,\"padding\":\"xsmall\",\"animation\":\"slide-left-small\",\"animation_delay\":\"1\",\"padding_remove_bottom\":false},\"children\":[{\"type\":\"row\",\"children\":[{\"type\":\"column\",\"props\":{\"position_sticky_breakpoint\":\"m\",\"image_position\":\"center-center\",\"media_overlay_gradient\":\"\"},\"children\":[{\"type\":\"text\",\"props\":{\"margin\":\"default\",\"column_breakpoint\":\"m\",\"content\":\"\n\n<p>Plusieurs fois par ann\\u00e9e, la Factrie se fait belle et se convertit en galerie ouverte au public. La Factrie propose des expositions de ses membres, bien s\\u00fbr, mais aussi d\\u2019artistes invit\\u00e9s de la r\\u00e9gion ou d\\u2019ailleurs.<\\\/p>\\n\n\n<p>Les exposants sont invit\\u00e9s \\u00e0 pr\\u00e9senter leurs oeuvres et \\u00e0 parler de leur d\\u00e9marche avec le public et les membres de la Factrie.<\\\/p>\",\"dropcap\":false,\"margin_remove_top\":true}},{\"name\":\"D\\u00e9tails\",\"type\":\"description_list\",\"children\":[{\"name\":\"\",\"type\":\"description_list_item\",\"props\":{\"title\":\"Quand :\",\"content\":\"\n\n<p>Voir la programmation. Surveiller la page d\\u2019accueil du site pour voir les \\u00e9v\\u00e9nements \\u00e0 venir.<\\\/p>\",\"meta\":\"\"}},{\"name\":\"\",\"type\":\"description_list_item\",\"props\":{\"title\":\"Public cible :\",\"content\":\"\n\n<p><span style=\\\"color: #000000;\\\"><span style=\\\"font-family: Calibri, serif;\\\"><span style=\\\"font-family: Quicksand, serif;\\\"><span style=\\\"font-size: large;\\\">bienvenue \\u00e0 toutes et tous<\\\/span><\\\/span><\\\/span><\\\/span><\\\/p>\",\"meta\":\"\"}},{\"name\":\"\",\"type\":\"description_list_item\",\"props\":{\"title\":\"Co\\u00fbt :\",\"content\":\"\n\n<p>Entr\\u00e9e libre<\\\/p>\",\"meta\":\"\"}}],\"props\":{\"show_link\":true,\"layout\":\"stacked\",\"list_size\":\"\",\"show_title\":true,\"show_meta\":true,\"show_content\":true,\"meta_style\":\"\",\"meta_align\":\"above-content\",\"title_grid_column_gap\":\"small\",\"title_grid_row_gap\":\"small\",\"title_grid_width\":\"auto\",\"title_leader\":false,\"list_element\":\"ul\",\"column_breakpoint\":\"m\",\"title_element\":\"div\",\"list_marker\":\"\",\"title_style\":\"h4\",\"title_colon\":false,\"id\":\"description-list-title-width-auto\",\"list_style\":\"divider\",\"title_color\":\"muted\"}}]}]}],\"name\":\"Expositions\"},{\"type\":\"section\",\"props\":{\"style\":\"default\",\"width\":\"small\",\"vertical_align\":\"middle\",\"title_position\":\"top-left\",\"title_rotation\":\"left\",\"title_breakpoint\":\"xl\",\"image_position\":\"center-center\",\"padding_remove_bottom\":false,\"padding\":\"xsmall\",\"overlap\":false,\"padding_remove_top\":false},\"children\":[{\"type\":\"row\",\"children\":[{\"type\":\"column\",\"props\":{\"position_sticky_breakpoint\":\"m\",\"image_position\":\"center-center\",\"media_overlay_gradient\":\"\",\"width_medium\":\"1-2\"},\"children\":[{\"type\":\"headline\",\"props\":{\"title_element\":\"h3\",\"content\":\"5 \\u00e0 7 culturels\",\"title_font_family\":\"tertiary\",\"title_decoration\":\"divider\",\"title_color\":\"emphasis\"},\"name\":\"\"},{\"type\":\"image\",\"props\":{\"margin\":\"small\",\"image_svg_color\":\"emphasis\",\"image\":\"wp-content\\\/uploads\\\/2022\\\/03\\\/langue_fourchue_traiteur-5a7-drummondville-1440x900-1.jpg\",\"margin_remove_bottom\":false}}]},{\"type\":\"column\",\"props\":{\"position_sticky_breakpoint\":\"m\",\"image_position\":\"center-center\",\"media_overlay_gradient\":\"\",\"width_medium\":\"1-2\"},\"children\":[]}],\"props\":{\"layout\":\"1-2,1-2\"}}],\"name\":\"5 \\u00e0 7 culturels\"},{\"type\":\"section\",\"props\":{\"style\":\"default\",\"width\":\"small\",\"vertical_align\":\"middle\",\"title_position\":\"top-left\",\"title_rotation\":\"left\",\"title_breakpoint\":\"xl\",\"image_position\":\"center-center\",\"padding_remove_top\":true,\"padding\":\"xsmall\",\"animation\":\"slide-left-small\",\"animation_delay\":\"1\"},\"children\":[{\"type\":\"row\",\"children\":[{\"type\":\"column\",\"props\":{\"position_sticky_breakpoint\":\"m\",\"image_position\":\"center-center\",\"media_overlay_gradient\":\"\"},\"children\":[{\"type\":\"text\",\"props\":{\"margin\":\"default\",\"column_breakpoint\":\"m\",\"content\":\"\n\n<p>4 fois par ann\\u00e9e, la Factrie organise un \\u00ab 5 \\u00e0 7 culturel \\u00bb autour d\\u2019un th\\u00e8me, d\\u2019un artiste ou d\\u2019un \\u00e9v\\u00e9nement culturel tel qu\\u2019un lancement de livre ou d\\u2019album.<\\\/p>\\n\n\n<p>Ces 5 \\u00e0 7 se tiennent dans un climat informel, et ont pour objectifs de favoriser les \\u00e9changes et l\\u2019enrichissement culturel dans un climat ouvert et souvent festif.<\\\/p>\",\"dropcap\":false,\"margin_remove_top\":true}},{\"name\":\"D\\u00e9tails\",\"type\":\"description_list\",\"children\":[{\"name\":\"\",\"type\":\"description_list_item\",\"props\":{\"title\":\"Quand :\",\"content\":\"\n\n<p>Voir la programmation. Surveiller la page d\\u2019accueil du site pour voir les \\u00e9v\\u00e9nements \\u00e0 venir. Il est fortement recommand\\u00e9 de r\\u00e9server une place.<\\\/p>\",\"meta\":\"\"}},{\"name\":\"\",\"type\":\"description_list_item\",\"props\":{\"title\":\"Public cible :\",\"content\":\"\n\n<p><span style=\\\"color: #000000;\\\"><span style=\\\"font-family: Calibri, serif;\\\"><span style=\\\"font-family: Quicksand, serif;\\\"><span style=\\\"font-size: large;\\\">ouvert au public, mais le nombre de places peut \\u00eatre limit\\u00e9.<\\\/span><\\\/span><\\\/span><\\\/span><\\\/p>\",\"meta\":\"\"}},{\"name\":\"\",\"type\":\"description_list_item\",\"props\":{\"title\":\"Co\\u00fbt :\",\"content\":\"\n\n<p>Entr\\u00e9e libre<\\\/p>\",\"meta\":\"\"}}],\"props\":{\"show_link\":true,\"layout\":\"stacked\",\"list_size\":\"\",\"show_title\":true,\"show_meta\":true,\"show_content\":true,\"meta_style\":\"\",\"meta_align\":\"above-content\",\"title_grid_column_gap\":\"small\",\"title_grid_row_gap\":\"small\",\"title_grid_width\":\"auto\",\"title_leader\":false,\"list_element\":\"ul\",\"column_breakpoint\":\"m\",\"title_element\":\"div\",\"list_marker\":\"\",\"title_style\":\"h4\",\"title_colon\":false,\"id\":\"description-list-title-width-auto\",\"list_style\":\"divider\",\"title_color\":\"muted\"}}]}]}],\"name\":\"5 \\u00e0 7 culturels\"},{\"type\":\"section\",\"props\":{\"style\":\"muted\",\"width\":\"small\",\"vertical_align\":\"middle\",\"title_position\":\"top-left\",\"title_rotation\":\"left\",\"title_breakpoint\":\"xl\",\"image_position\":\"center-center\",\"padding_remove_bottom\":false,\"padding\":\"xsmall\",\"overlap\":false},\"children\":[{\"type\":\"row\",\"children\":[{\"type\":\"column\",\"props\":{\"position_sticky_breakpoint\":\"m\",\"image_position\":\"center-center\",\"media_overlay_gradient\":\"\",\"width_medium\":\"1-2\"},\"children\":[{\"type\":\"headline\",\"props\":{\"title_element\":\"h3\",\"content\":\"Conf\\u00e9rences\",\"title_font_family\":\"tertiary\",\"title_decoration\":\"divider\",\"title_color\":\"emphasis\"},\"name\":\"\"},{\"type\":\"image\",\"props\":{\"margin\":\"default\",\"image_svg_color\":\"emphasis\",\"image\":\"wp-content\\\/uploads\\\/2022\\\/02\\\/Factrie-Objets-2018-16-1.jpg\",\"margin_remove_bottom\":false,\"margin_remove_top\":false}},{\"type\":\"headline\",\"props\":{\"title_element\":\"h3\",\"content\":\"Conf\\u00e9rences <br \\\/>\\u00ab caf\\u00e9-brioche du dimanche \\u00bb\",\"title_font_family\":\"tertiary\",\"title_color\":\"muted\",\"css\":\".el-element {margin-top:-5px; margin-bottom:-40px;}\"},\"name\":\"Activit\\u00e9s Ent\\u00eate sous-titres\"}]},{\"type\":\"column\",\"props\":{\"position_sticky_breakpoint\":\"m\",\"image_position\":\"center-center\",\"media_overlay_gradient\":\"\",\"width_medium\":\"1-2\"},\"children\":[]}],\"props\":{\"layout\":\"1-2,1-2\"}}],\"name\":\"Conf\\u00e9rences\"},{\"type\":\"section\",\"props\":{\"style\":\"muted\",\"width\":\"small\",\"vertical_align\":\"middle\",\"title_position\":\"top-left\",\"title_rotation\":\"left\",\"title_breakpoint\":\"xl\",\"image_position\":\"center-center\",\"padding_remove_top\":false,\"padding\":\"xsmall\",\"animation\":\"slide-left-small\",\"animation_delay\":\"1\"},\"children\":[{\"type\":\"row\",\"children\":[{\"type\":\"column\",\"props\":{\"position_sticky_breakpoint\":\"m\",\"image_position\":\"center-center\",\"media_overlay_gradient\":\"\"},\"children\":[{\"type\":\"text\",\"props\":{\"margin\":\"default\",\"column_breakpoint\":\"m\",\"content\":\"\n\n<p>Environ 4 fois par ann\\u00e9e, un conf\\u00e9rencier vient nous pr\\u00e9senter son travail artistique et sa d\\u00e9marche. Parfois anim\\u00e9 de d\\u00e9monstration technique ainsi que de projection.<\\\/p>\",\"dropcap\":false}},{\"name\":\"D\\u00e9tails\",\"type\":\"description_list\",\"children\":[{\"name\":\"\",\"type\":\"description_list_item\",\"props\":{\"title\":\"Quand :\",\"content\":\"\n\n<p>Voir la programmation. Surveiller la page d\\u2019accueil du site pour voir les \\u00e9v\\u00e9nements \\u00e0 venir.<\\\/p>\",\"meta\":\"\"}},{\"name\":\"\",\"type\":\"description_list_item\",\"props\":{\"title\":\"Public cible :\",\"content\":\"\n\n<p>bienvenue \\u00e0 toutes et tous. Priorit\\u00e9 aux membres.<\\\/p>\",\"meta\":\"\"}},{\"name\":\"\",\"type\":\"description_list_item\",\"props\":{\"title\":\"Co\\u00fbt :\",\"content\":\"\n\n<p>Variables. Tarif pr\\u00e9f\\u00e9rentiel pour les membres.<\\\/p>\",\"meta\":\"\"}}],\"props\":{\"show_link\":true,\"layout\":\"stacked\",\"list_size\":\"\",\"show_title\":true,\"show_meta\":true,\"show_content\":true,\"meta_style\":\"\",\"meta_align\":\"above-content\",\"title_grid_column_gap\":\"small\",\"title_grid_row_gap\":\"small\",\"title_grid_width\":\"auto\",\"title_leader\":false,\"list_element\":\"ul\",\"column_breakpoint\":\"m\",\"title_element\":\"div\",\"list_marker\":\"\",\"title_style\":\"h4\",\"title_colon\":false,\"id\":\"description-list-title-width-auto\",\"list_style\":\"divider\",\"title_color\":\"muted\"}}]}]}],\"name\":\"Conf\\u00e9rences\"},{\"type\":\"section\",\"props\":{\"style\":\"default\",\"width\":\"small\",\"vertical_align\":\"middle\",\"title_position\":\"top-left\",\"title_rotation\":\"left\",\"title_breakpoint\":\"xl\",\"image_position\":\"center-center\",\"padding_remove_bottom\":false,\"padding\":\"xsmall\",\"overlap\":false,\"padding_remove_top\":false},\"children\":[{\"type\":\"row\",\"children\":[{\"type\":\"column\",\"props\":{\"position_sticky_breakpoint\":\"m\",\"image_position\":\"center-center\",\"media_overlay_gradient\":\"\",\"width_medium\":\"1-2\"},\"children\":[{\"type\":\"headline\",\"props\":{\"title_element\":\"h3\",\"content\":\"Formations\",\"title_font_family\":\"tertiary\",\"title_decoration\":\"divider\",\"title_color\":\"emphasis\"},\"name\":\"\"},{\"type\":\"image\",\"props\":{\"margin\":\"default\",\"image_svg_color\":\"emphasis\",\"image\":\"wp-content\\\/uploads\\\/2022\\\/02\\\/Factrie-Objets-2018-21-1.jpg\"}}]},{\"type\":\"column\",\"props\":{\"position_sticky_breakpoint\":\"m\",\"image_position\":\"center-center\",\"media_overlay_gradient\":\"\",\"width_medium\":\"1-2\"},\"children\":[]}],\"props\":{\"layout\":\"1-2,1-2\"}}],\"name\":\"Formations\"},{\"type\":\"section\",\"props\":{\"style\":\"default\",\"width\":\"small\",\"vertical_align\":\"middle\",\"title_position\":\"top-left\",\"title_rotation\":\"left\",\"title_breakpoint\":\"xl\",\"image_position\":\"center-center\",\"padding_remove_top\":false,\"padding\":\"xsmall\",\"animation\":\"slide-left-small\",\"animation_delay\":\"1\"},\"children\":[{\"type\":\"row\",\"children\":[{\"type\":\"column\",\"props\":{\"position_sticky_breakpoint\":\"m\",\"image_position\":\"center-center\",\"media_overlay_gradient\":\"\"},\"children\":[{\"type\":\"text\",\"props\":{\"margin\":\"default\",\"column_breakpoint\":\"m\",\"content\":\"\n\n<p>Les professionnels de la Factrie proposent r\\u00e9guli\\u00e8rement des activit\\u00e9s de formation et de familiarisation aux techniques de dessin et\\\/ou \\u00e0 des mediums telles que le fusain et l\\u2019aquarelle.<\\\/p>\\n\n\n<p>Ces formations peuvent \\u00eatre organis\\u00e9es sur demande. En groupe ou en mode priv\\u00e9.<\\\/p>\",\"dropcap\":false,\"css\":\".el-element {margin-top:-30px;}\"}},{\"name\":\"D\\u00e9tails\",\"type\":\"description_list\",\"children\":[{\"name\":\"\",\"type\":\"description_list_item\",\"props\":{\"title\":\"Quand :\",\"content\":\"\n\n<p>Voir la programmation. Surveiller la page d\\u2019accueil du site pour voir les \\u00e9v\\u00e9nements \\u00e0 venir.<\\\/p>\",\"meta\":\"\"}},{\"name\":\"\",\"type\":\"description_list_item\",\"props\":{\"title\":\"Public cible :\",\"content\":\"\n\n<p>Ouvert au public. Inscription requise<\\\/p>\",\"meta\":\"\"}},{\"name\":\"\",\"type\":\"description_list_item\",\"props\":{\"title\":\"Co\\u00fbt :\",\"content\":\"\n\n<p>Variable selon les activit\\u00e9s<\\\/p>\",\"meta\":\"\"}}],\"props\":{\"show_link\":true,\"layout\":\"stacked\",\"list_size\":\"\",\"show_title\":true,\"show_meta\":true,\"show_content\":true,\"meta_style\":\"\",\"meta_align\":\"above-content\",\"title_grid_column_gap\":\"small\",\"title_grid_row_gap\":\"small\",\"title_grid_width\":\"auto\",\"title_leader\":false,\"list_element\":\"ul\",\"column_breakpoint\":\"m\",\"title_element\":\"div\",\"list_marker\":\"\",\"title_style\":\"h4\",\"title_colon\":false,\"id\":\"description-list-title-width-auto\",\"list_style\":\"divider\",\"title_color\":\"muted\"}}]}]}],\"name\":\"Formations\"},{\"type\":\"section\",\"props\":{\"style\":\"muted\",\"width\":\"small\",\"vertical_align\":\"middle\",\"title_position\":\"top-left\",\"title_rotation\":\"left\",\"title_breakpoint\":\"xl\",\"image_position\":\"center-center\",\"padding_remove_bottom\":false,\"padding\":\"xsmall\",\"overlap\":false,\"padding_remove_top\":false},\"children\":[{\"type\":\"row\",\"children\":[{\"type\":\"column\",\"props\":{\"position_sticky_breakpoint\":\"m\",\"image_position\":\"center-center\",\"media_overlay_gradient\":\"\",\"width_medium\":\"1-2\"},\"children\":[{\"type\":\"headline\",\"props\":{\"title_element\":\"h3\",\"content\":\"Projections Cin\\u00e9-Factrie\",\"title_font_family\":\"tertiary\",\"title_decoration\":\"divider\",\"title_color\":\"emphasis\"},\"name\":\"\"},{\"type\":\"image\",\"props\":{\"margin\":\"default\",\"image_svg_color\":\"emphasis\",\"image\":\"wp-content\\\/uploads\\\/2022\\\/03\\\/Projecteur-Films01.jpg\"}},{\"type\":\"headline\",\"props\":{\"title_element\":\"h3\",\"content\":\"Projections de films d'art\",\"title_font_family\":\"tertiary\",\"title_color\":\"muted\",\"margin_remove_top\":true,\"css\":\".el-element {margin-bottom:-40px; }\"},\"name\":\"Activit\\u00e9s Ent\\u00eate sous-titres\"}]},{\"type\":\"column\",\"props\":{\"position_sticky_breakpoint\":\"m\",\"image_position\":\"center-center\",\"media_overlay_gradient\":\"\",\"width_medium\":\"1-2\"},\"children\":[]}],\"props\":{\"layout\":\"1-2,1-2\"}}],\"name\":\"Projections Cin\\u00e9-Factrie\"},{\"type\":\"section\",\"props\":{\"style\":\"muted\",\"width\":\"small\",\"vertical_align\":\"middle\",\"title_position\":\"top-left\",\"title_rotation\":\"left\",\"title_breakpoint\":\"xl\",\"image_position\":\"center-center\",\"padding_remove_top\":true,\"padding\":\"xsmall\",\"animation\":\"slide-left-small\",\"animation_delay\":\"1\",\"css\":\".el-element {margin-top:25px;}\"},\"children\":[{\"type\":\"row\",\"children\":[{\"type\":\"column\",\"props\":{\"position_sticky_breakpoint\":\"m\",\"image_position\":\"center-center\",\"media_overlay_gradient\":\"\"},\"children\":[{\"type\":\"text\",\"props\":{\"margin\":\"default\",\"column_breakpoint\":\"m\",\"content\":\"\n\n<p>La Factrie organise des projections de films d\\u2019art, suivis d\\u2019\\u00e9changes sur les films et les \\u0153uvres ou artistes qui en font l\\u2019objet.<\\\/p>\\n\n\n<p>L\\u2019objectif est de promouvoir l\\u2019art actuel en pr\\u00e9sentant des films portant sur des artistes contemporains marquants, par leurs oeuvres, leur vie ou leur d\\u00e9marche artistique.<\\\/p>\\n\n\n<p>La dur\\u00e9e pr\\u00e9vue par activit\\u00e9 est de 90 minutes.<\\\/p>\",\"dropcap\":false}},{\"name\":\"D\\u00e9tails\",\"type\":\"description_list\",\"children\":[{\"name\":\"\",\"type\":\"description_list_item\",\"props\":{\"title\":\"Quand :\",\"content\":\"\n\n<p>Le premier mercredi du mois, \\u00e0 16 heures, sauf exception.<\\\/p>\",\"meta\":\"\"}},{\"name\":\"\",\"type\":\"description_list_item\",\"props\":{\"title\":\"Public cible :\",\"content\":\"\n\n<p>Ouvert au public<\\\/p>\",\"meta\":\"\"}},{\"name\":\"\",\"type\":\"description_list_item\",\"props\":{\"title\":\"Co\\u00fbt :\",\"content\":\"\n\n<p><strong>5$<\\\/strong> membres, 1<strong>0$<\\\/strong> non-membres<\\\/p>\",\"meta\":\"\"}}],\"props\":{\"show_link\":true,\"layout\":\"stacked\",\"list_size\":\"\",\"show_title\":true,\"show_meta\":true,\"show_content\":true,\"meta_style\":\"\",\"meta_align\":\"above-content\",\"title_grid_column_gap\":\"small\",\"title_grid_row_gap\":\"small\",\"title_grid_width\":\"auto\",\"title_leader\":false,\"list_element\":\"ul\",\"column_breakpoint\":\"m\",\"title_element\":\"div\",\"list_marker\":\"\",\"title_style\":\"h4\",\"title_colon\":false,\"id\":\"description-list-title-width-auto\",\"list_style\":\"divider\",\"title_color\":\"muted\"}}]}]}],\"name\":\"Projections Cin\\u00e9-Factrie\"},{\"type\":\"section\",\"props\":{\"style\":\"default\",\"width\":\"default\",\"vertical_align\":\"middle\",\"title_position\":\"top-left\",\"title_rotation\":\"left\",\"title_breakpoint\":\"xl\",\"image_position\":\"center-center\",\"padding\":\"xsmall\"},\"children\":[{\"type\":\"row\",\"props\":{\"layout\":\"1-2,1-2\"},\"children\":[{\"type\":\"column\",\"props\":{\"position_sticky_breakpoint\":\"m\",\"image_position\":\"center-center\",\"media_overlay_gradient\":\"\",\"width_medium\":\"1-2\"},\"children\":[{\"type\":\"yooessentials_social_sharing\",\"props\":{\"link_style\":\"button\",\"gap\":\"small\",\"margin\":\"default\"},\"children\":[{\"type\":\"yooessentials_social_sharing_item\",\"props\":{\"link\":\"facebook\",\"link_target\":\"_blank\",\"link_target_width\":\"\",\"link_target_height\":\"\"}},{\"type\":\"yooessentials_social_sharing_item\",\"props\":{\"link\":\"twitter\",\"link_target\":\"_blank\",\"link_target_width\":\"\",\"link_target_height\":\"\"}},{\"type\":\"yooessentials_social_sharing_item\",\"props\":{\"link\":\"linkedin\",\"link_target\":\"_blank\",\"link_target_width\":\"\",\"link_target_height\":\"\"}},{\"type\":\"yooessentials_social_sharing_item\",\"props\":{\"link\":\"custom\",\"title\":\"Email\",\"icon\":\"mail\",\"attributes\":\"onclick=\\\"window.location = 'mailto:?subject=' + document.title + '&body=' + window.location.href; return false;\\\"\",\"custom_link\":\"%s\",\"link_target\":\"_blank\",\"link_target_width\":\"\",\"link_target_height\":\"\"}},{\"type\":\"yooessentials_social_sharing_item\",\"props\":{\"link\":\"custom\",\"title\":\"Imprimer\",\"icon\":\"print\",\"attributes\":\"onclick=\\\"window.print();\\\"\",\"custom_link\":\"\",\"link_target\":\"_blank\",\"link_target_width\":\"\",\"link_target_height\":\"\"}}],\"name\":\"Partage social - 2022\"}]},{\"type\":\"column\",\"props\":{\"position_sticky_breakpoint\":\"m\",\"image_position\":\"center-center\",\"media_overlay_gradient\":\"\",\"width_medium\":\"1-2\"},\"children\":[]}]}]}],\"version\":\"2.7.20\",\"yooessentialsVersion\":\"1.6.2\"} --><\/p>\n","protected":false},"excerpt":{"rendered":"<p>Ateliers de dessin Portrait Lors des ateliers de dessin, portrait, une quinzaine de personnes se dessinent mutuellement pour des poses de 5 \u00e0 10 minutes. Apr\u00e8s la s\u00e9ance il y a un retour et partage \u00e0 propose des dessins effectu\u00e9s durant l\u2019atelier. Quand : Tous les lundis apr\u00e8s-midi de 13h \u00e0 15h30, sauf exception. Public [&hellip;]<\/p>\n","protected":false},"author":2,"featured_media":0,"parent":0,"menu_order":0,"comment_status":"closed","ping_status":"closed","template":"","meta":{"footnotes":""},"class_list":["post-188","page","type-page","status-publish","hentry"],"yoast_head":"<!-- This site is optimized with the Yoast SEO plugin v18.3 - https:\/\/yoast.com\/wordpress\/plugins\/seo\/ -->\n<title>Activit\u00e9s<\/title>\n<meta name=\"description\" content=\"Ateliers de dessin Portrait Lors des ateliers de dessin, portrait, une quinzaine de personnes se dessinent mutuellement pour des poses de 5 \u00e0 10 minutes. Apr\u00e8s la s\u00e9ance il y a un retour et partage \u00e0 propose des dessins effectu\u00e9s durant l\u2019atelier. Quand : Tous les lundis apr\u00e8s-midi de 13h \u00e0 15h30, sauf exception. Public&hellip;\" \/>\n<meta name=\"robots\" content=\"noindex, follow, max-snippet:-1, max-image-preview:large, max-video-preview:-1\" \/>\n<meta property=\"og:locale\" content=\"en_US\" \/>\n<meta property=\"og:type\" content=\"article\" \/>\n<meta property=\"og:title\" content=\"Activit\u00e9s\" \/>\n<meta property=\"og:description\" content=\"Ateliers de dessin Portrait Lors des ateliers de dessin, portrait, une quinzaine de personnes se dessinent mutuellement pour des poses de 5 \u00e0 10 minutes. Apr\u00e8s la s\u00e9ance il y a un retour et partage \u00e0 propose des dessins effectu\u00e9s durant l\u2019atelier. Quand : Tous les lundis apr\u00e8s-midi de 13h \u00e0 15h30, sauf exception. Public&hellip;\" \/>\n<meta property=\"og:url\" content=\"https:\/\/dev.factrie701.com\/activites\/\" \/>\n<meta property=\"og:site_name\" content=\"Factrie 701\" \/>\n<meta property=\"article:modified_time\" content=\"2022-03-21T12:37:40+00:00\" \/>\n<meta property=\"og:image\" content=\"https:\/\/dev.factrie701.com\/wp-content\/uploads\/2022\/02\/Factrie-atelier-2018-74-1.jpg\" \/>\n<meta name=\"twitter:card\" content=\"summary_large_image\" \/>\n<meta name=\"twitter:label1\" content=\"Est. reading time\" \/>\n\t<meta name=\"twitter:data1\" content=\"3 minutes\" \/>\n<script type=\"application\/ld+json\" class=\"yoast-schema-graph\">{\"@context\":\"https:\/\/schema.org\",\"@graph\":[{\"@type\":\"WebSite\",\"@id\":\"https:\/\/dev.factrie701.com\/#website\",\"url\":\"https:\/\/dev.factrie701.com\/\",\"name\":\"Factrie 701\",\"description\":\"Atelier et galerie d&#039;art\",\"potentialAction\":[{\"@type\":\"SearchAction\",\"target\":{\"@type\":\"EntryPoint\",\"urlTemplate\":\"https:\/\/dev.factrie701.com\/?s={search_term_string}\"},\"query-input\":\"required name=search_term_string\"}],\"inLanguage\":\"en-US\"},{\"@type\":\"ImageObject\",\"@id\":\"https:\/\/dev.factrie701.com\/activites\/#primaryimage\",\"inLanguage\":\"en-US\",\"url\":\"\/wp-content\/uploads\/2022\/02\/Factrie-atelier-2018-74-1.jpg\",\"contentUrl\":\"\/wp-content\/uploads\/2022\/02\/Factrie-atelier-2018-74-1.jpg\"},{\"@type\":\"WebPage\",\"@id\":\"https:\/\/dev.factrie701.com\/activites\/#webpage\",\"url\":\"https:\/\/dev.factrie701.com\/activites\/\",\"name\":\"Activit\u00e9s - Factrie 701\",\"isPartOf\":{\"@id\":\"https:\/\/dev.factrie701.com\/#website\"},\"primaryImageOfPage\":{\"@id\":\"https:\/\/dev.factrie701.com\/activites\/#primaryimage\"},\"datePublished\":\"2022-03-04T01:45:51+00:00\",\"dateModified\":\"2022-03-21T12:37:40+00:00\",\"breadcrumb\":{\"@id\":\"https:\/\/dev.factrie701.com\/activites\/#breadcrumb\"},\"inLanguage\":\"en-US\",\"potentialAction\":[{\"@type\":\"ReadAction\",\"target\":[\"https:\/\/dev.factrie701.com\/activites\/\"]}]},{\"@type\":\"BreadcrumbList\",\"@id\":\"https:\/\/dev.factrie701.com\/activites\/#breadcrumb\",\"itemListElement\":[{\"@type\":\"ListItem\",\"position\":1,\"name\":\"Accueil\",\"item\":\"https:\/\/dev.factrie701.com\/\"},{\"@type\":\"ListItem\",\"position\":2,\"name\":\"Activit\u00e9s\"}]}]}<\/script>\n<!-- \/ Yoast SEO plugin. -->","yoast_head_json":{"title":"Activit\u00e9s","description":"Ateliers de dessin Portrait Lors des ateliers de dessin, portrait, une quinzaine de personnes se dessinent mutuellement pour des poses de 5 \u00e0 10 minutes. Apr\u00e8s la s\u00e9ance il y a un retour et partage \u00e0 propose des dessins effectu\u00e9s durant l\u2019atelier. Quand : Tous les lundis apr\u00e8s-midi de 13h \u00e0 15h30, sauf exception. Public&hellip;","robots":{"index":"noindex","follow":"follow","max-snippet":"max-snippet:-1","max-image-preview":"max-image-preview:large","max-video-preview":"max-video-preview:-1"},"og_locale":"en_US","og_type":"article","og_title":"Activit\u00e9s","og_description":"Ateliers de dessin Portrait Lors des ateliers de dessin, portrait, une quinzaine de personnes se dessinent mutuellement pour des poses de 5 \u00e0 10 minutes. Apr\u00e8s la s\u00e9ance il y a un retour et partage \u00e0 propose des dessins effectu\u00e9s durant l\u2019atelier. Quand : Tous les lundis apr\u00e8s-midi de 13h \u00e0 15h30, sauf exception. Public&hellip;","og_url":"https:\/\/dev.factrie701.com\/activites\/","og_site_name":"Factrie 701","article_modified_time":"2022-03-21T12:37:40+00:00","og_image":[{"url":"https:\/\/dev.factrie701.com\/wp-content\/uploads\/2022\/02\/Factrie-atelier-2018-74-1.jpg"}],"twitter_card":"summary_large_image","twitter_misc":{"Est. reading time":"3 minutes"},"schema":{"@context":"https:\/\/schema.org","@graph":[{"@type":"WebSite","@id":"https:\/\/dev.factrie701.com\/#website","url":"https:\/\/dev.factrie701.com\/","name":"Factrie 701","description":"Atelier et galerie d&#039;art","potentialAction":[{"@type":"SearchAction","target":{"@type":"EntryPoint","urlTemplate":"https:\/\/dev.factrie701.com\/?s={search_term_string}"},"query-input":"required name=search_term_string"}],"inLanguage":"en-US"},{"@type":"ImageObject","@id":"https:\/\/dev.factrie701.com\/activites\/#primaryimage","inLanguage":"en-US","url":"\/wp-content\/uploads\/2022\/02\/Factrie-atelier-2018-74-1.jpg","contentUrl":"\/wp-content\/uploads\/2022\/02\/Factrie-atelier-2018-74-1.jpg"},{"@type":"WebPage","@id":"https:\/\/dev.factrie701.com\/activites\/#webpage","url":"https:\/\/dev.factrie701.com\/activites\/","name":"Activit\u00e9s - Factrie 701","isPartOf":{"@id":"https:\/\/dev.factrie701.com\/#website"},"primaryImageOfPage":{"@id":"https:\/\/dev.factrie701.com\/activites\/#primaryimage"},"datePublished":"2022-03-04T01:45:51+00:00","dateModified":"2022-03-21T12:37:40+00:00","breadcrumb":{"@id":"https:\/\/dev.factrie701.com\/activites\/#breadcrumb"},"inLanguage":"en-US","potentialAction":[{"@type":"ReadAction","target":["https:\/\/dev.factrie701.com\/activites\/"]}]},{"@type":"BreadcrumbList","@id":"https:\/\/dev.factrie701.com\/activites\/#breadcrumb","itemListElement":[{"@type":"ListItem","position":1,"name":"Accueil","item":"https:\/\/dev.factrie701.com\/"},{"@type":"ListItem","position":2,"name":"Activit\u00e9s"}]}]}},"_links":{"self":[{"href":"https:\/\/dev.factrie701.com\/wp-json\/wp\/v2\/pages\/188","targetHints":{"allow":["GET"]}}],"collection":[{"href":"https:\/\/dev.factrie701.com\/wp-json\/wp\/v2\/pages"}],"about":[{"href":"https:\/\/dev.factrie701.com\/wp-json\/wp\/v2\/types\/page"}],"author":[{"embeddable":true,"href":"https:\/\/dev.factrie701.com\/wp-json\/wp\/v2\/users\/2"}],"replies":[{"embeddable":true,"href":"https:\/\/dev.factrie701.com\/wp-json\/wp\/v2\/comments?post=188"}],"version-history":[{"count":218,"href":"https:\/\/dev.factrie701.com\/wp-json\/wp\/v2\/pages\/188\/revisions"}],"predecessor-version":[{"id":1009,"href":"https:\/\/dev.factrie701.com\/wp-json\/wp\/v2\/pages\/188\/revisions\/1009"}],"wp:attachment":[{"href":"https:\/\/dev.factrie701.com\/wp-json\/wp\/v2\/media?parent=188"}],"curies":[{"name":"wp","href":"https:\/\/api.w.org\/{rel}","templated":true}]}}